{"id":43259,"date":"2025-05-06T09:56:48","date_gmt":"2025-05-06T07:56:48","guid":{"rendered":"https:\/\/www.bau-styl.hu\/epitoanyag\/?post_type=product&#038;p=43259"},"modified":"2026-04-29T12:25:44","modified_gmt":"2026-04-29T10:25:44","slug":"swissporton-becsi-taska-alapcserep-naturvoros","status":"publish","type":"product","link":"https:\/\/www.bau-styl.hu\/epitoanyag\/termek\/swissporton-becsi-taska-alapcserep-naturvoros\/","title":{"rendered":"SwissporTON B\u00e9csi T\u00e1ska Alapcser\u00e9p nat\u00farv\u00f6r\u00f6s"},"content":{"rendered":"","protected":false},"excerpt":{"rendered":"<p>Egyszer\u0171, visszafogott \u00e9s \u00e9ppen ez\u00e9rt id\u0151tlen form\u00e1ja r\u00e9v\u00e9n klasszikus sz\u00e9ps\u00e9g\u0171 tet\u0151fel\u00fcleteket alkot. Mind a fel\u00faj\u00edt\u00e1sok, mind az \u00faj \u00e9p\u00edt\u00e9s\u0171 h\u00e1zak eset\u00e9n kedvelt fed\u0151anyag. Kiz\u00e1r\u00f3lag nat\u00farv\u00f6r\u00f6s sz\u00ednben el\u00e9rhet\u0151. A B\u00e9csi t\u00e1ska 20&#215;40 cm-es m\u00e9ret\u00e9vel gazdas\u00e1gosabb alternat\u00edv\u00e1t k\u00edn\u00e1l a trad\u00edcion\u00e1lis tet\u0151fed\u00e9s megval\u00f3s\u00edt\u00e1s\u00e1hoz. Az alapcser\u00e9p mell\u00e9 opcion\u00e1lis term\u00e9kek, idomcserepek (szell\u0151z\u0151cser\u00e9p, hornyolt gerinccser\u00e9p, sajtolt gerinccser\u00e9p, hornyolt kezd\u0151 gerinccser\u00e9p, sajtolt kezd\u0151 gerinccser\u00e9p, hornyolt h\u00e1rmas gerinceloszt\u00f3 elem, sajtolt XXL gerinccser\u00e9p, sajtolt h\u00e1rmas gerinceloszt\u00f3 elem, szeg\u00e9lycser\u00e9p) k\u00f6z\u00fcl v\u00e1laszthat, amelyek \u00e1rair\u00f3l az aj\u00e1nlatk\u00e9r\u00e9s lead\u00e1s\u00e1t k\u00f6vet\u0151en munkat\u00e1rsunk emailben t\u00e1j\u00e9koztatja \u00d6nt.<\/p>\n","protected":false},"featured_media":42721,"template":"","meta":[],"product_brand":[11272],"product_cat":[355,6656],"product_tag":[11379],"class_list":{"0":"post-43259","1":"product","2":"type-product","3":"status-publish","4":"has-post-thumbnail","6":"product_brand-creaton","7":"product_cat-tetofedes","8":"product_cat-keramia-cserep","9":"product_tag-swissporton","11":"first","12":"instock","13":"taxable","14":"shipping-taxable","15":"purchasable","16":"product-type-simple"},"aioseo_notices":[],"_links":{"self":[{"href":"https:\/\/www.bau-styl.hu\/epitoanyag\/wp-json\/wp\/v2\/product\/43259","targetHints":{"allow":["GET"]}}],"collection":[{"href":"https:\/\/www.bau-styl.hu\/epitoanyag\/wp-json\/wp\/v2\/product"}],"about":[{"href":"https:\/\/www.bau-styl.hu\/epitoanyag\/wp-json\/wp\/v2\/types\/product"}],"wp:featuredmedia":[{"embeddable":true,"href":"https:\/\/www.bau-styl.hu\/epitoanyag\/wp-json\/wp\/v2\/media\/42721"}],"wp:attachment":[{"href":"https:\/\/www.bau-styl.hu\/epitoanyag\/wp-json\/wp\/v2\/media?parent=43259"}],"wp:term":[{"taxonomy":"product_brand","embeddable":true,"href":"https:\/\/www.bau-styl.hu\/epitoanyag\/wp-json\/wp\/v2\/product_brand?post=43259"},{"taxonomy":"product_cat","embeddable":true,"href":"https:\/\/www.bau-styl.hu\/epitoanyag\/wp-json\/wp\/v2\/product_cat?post=43259"},{"taxonomy":"product_tag","embeddable":true,"href":"https:\/\/www.bau-styl.hu\/epitoanyag\/wp-json\/wp\/v2\/product_tag?post=43259"}],"curies":[{"name":"wp","href":"https:\/\/api.w.org\/{rel}","templated":true}]}}