{"id":17,"date":"2015-05-08T10:38:48","date_gmt":"2015-05-08T09:38:48","guid":{"rendered":"http:\/\/www.bau-styl.hu\/?page_id=17"},"modified":"2022-08-04T21:56:19","modified_gmt":"2022-08-04T20:56:19","slug":"tippek","status":"publish","type":"page","link":"https:\/\/www.bau-styl.hu\/furdoszobaszalon\/tippek\/","title":{"rendered":"Tippek"},"content":{"rendered":"\n<style type=\"text\/css\" data-created_by=\"avia_inline_auto\" id=\"style-css-av-nm39-4a4c4c283b31ce33971865463a822d2f\">\n.flex_column.av-nm39-4a4c4c283b31ce33971865463a822d2f{\nborder-radius:0px 0px 0px 0px;\npadding:0px 0px 0px 0px;\n}\n<\/style>\n<div  class='flex_column av-nm39-4a4c4c283b31ce33971865463a822d2f av_one_full  avia-builder-el-0  avia-builder-el-no-sibling  first flex_column_div av-zero-column-padding  '     ><div id='av-masonry-1' class='av-masonry av-kbxltlr1-48f6ed6fc602dc9ed5c2614aeeb3bc9f noHover av-fixed-size av-large-gap av-hover-overlay- av-masonry-animation- av-masonry-col-3 av-caption-always av-caption-style- av-masonry-entries ' data-post_id=\"17\"><div class='av-masonry-sort main_color av-sort-yes' data-masonry-id='1' ><div class='av-sort-by-term  ' data-av-allowed-sort='[\"burkolatok_sort\",\"erdekessegek_sort\",\"szaniterek_sort\"]' ><a href=\"#\" data-filter=\"all_sort\" class=\"all_sort_button active_sort\"><span class=\"inner_sort_button\"><span>Mind<\/span><small class=\"avia-term-count\"> 12 <\/small><\/span><\/a><span class='text-sep burkolatok_sort_sep avia_show_sort'>\/<\/span><a href=\"#\" data-filter=\"burkolatok_sort\" class=\"burkolatok_sort_button avia_show_sort\" ><span class=\"inner_sort_button\"><span>Burkolatok<\/span><small class='avia-term-count'> 6 <\/small><\/span><\/a><span class='text-sep erdekessegek_sort_sep avia_show_sort'>\/<\/span><a href=\"#\" data-filter=\"erdekessegek_sort\" class=\"erdekessegek_sort_button avia_show_sort\" ><span class=\"inner_sort_button\"><span>\u00c9rdekess\u00e9gek<\/span><small class='avia-term-count'> 11 <\/small><\/span><\/a><span class='text-sep szaniterek_sort_sep avia_hide_sort'>\/<\/span><a href=\"#\" data-filter=\"szaniterek_sort\" class=\"szaniterek_sort_button avia_hide_sort\" ><span class=\"inner_sort_button\"><span>Szaniterek<\/span><small class='avia-term-count'> 0 <\/small><\/span><\/a><\/div><\/div><div class=\"av-masonry-container isotope av-js-disabled\"><div class='av-masonry-entry isotope-item av-masonry-item-no-image all_sort burkolatok_sort  erdekessegek_sort '><\/div><a href=\"https:\/\/www.bau-styl.hu\/furdoszobaszalon\/a-terrazzo-burkolatok-idotlen-eleganciaja\/\"  id='av-masonry-1-item-48569' data-av-masonry-item='48569' class='av-masonry-entry isotope-item post-48569 post type-post status-publish format-standard has-post-thumbnail hentry category-burkolatok all_sort burkolatok_sort  av-masonry-item-with-image av-grid-img' title=\"Sant&#8217;Agostino Deconcrete (28)\"   itemscope=\"itemscope\" itemtype=\"https:\/\/schema.org\/CreativeWork\" ><div class='av-inner-masonry-sizer'><\/div><figure class='av-inner-masonry main_color'><div class=\"av-masonry-outerimage-container\"><div class='av-masonry-image-container' style=\"background-image: url(https:\/\/www.bau-styl.hu\/furdoszobaszalon\/wp-content\/uploads\/2023\/10\/SantAgostino-Deconcrete-28-705x441.jpg);\"  title=\"Sant&#8217;Agostino Deconcrete (28)\" ><\/div><\/div><figcaption class='av-inner-masonry-content site-background'><div class='av-inner-masonry-content-pos'><div class='av-inner-masonry-content-pos-content'><div class='avia-arrow'><\/div><h3 class='av-masonry-entry-title entry-title '  itemprop=\"headline\" >A terrazzo burkolatok id\u0151tlen eleganci\u00e1ja<\/h3><span class='av-masonry-date meta-color updated'>2026-03-12<\/span><span class=\"av-masonry-text-sep text-sep-author\">\/<\/span><span class='av-masonry-author meta-color author'><span class='fn'>Szerz\u0151: Bau-Styl<\/span><\/span><\/div><\/div><\/figcaption><\/figure><\/a><!--end av-masonry entry--><a href=\"https:\/\/www.bau-styl.hu\/furdoszobaszalon\/uj-dimenziok-a-burkolatok-vilagaban-pillantas-a-cersaie-n-bemutatott-kollekciokra\/\"  id='av-masonry-1-item-48076' data-av-masonry-item='48076' class='av-masonry-entry isotope-item post-48076 post type-post status-publish format-standard has-post-thumbnail hentry category-erdekessegek all_sort erdekessegek_sort  av-masonry-item-with-image av-landscape-img' title=\"Cersaie 2025\"   itemscope=\"itemscope\" itemtype=\"https:\/\/schema.org\/CreativeWork\" ><div class='av-inner-masonry-sizer'><\/div><figure class='av-inner-masonry main_color'><div class=\"av-masonry-outerimage-container\"><div class='av-masonry-image-container' style=\"background-image: url(https:\/\/www.bau-styl.hu\/furdoszobaszalon\/wp-content\/uploads\/2025\/10\/Cersaie-2025-705x411.jpg);\"  title=\"Cersaie 2025\" ><\/div><\/div><figcaption class='av-inner-masonry-content site-background'><div class='av-inner-masonry-content-pos'><div class='av-inner-masonry-content-pos-content'><div class='avia-arrow'><\/div><h3 class='av-masonry-entry-title entry-title '  itemprop=\"headline\" >\u00daj dimenzi\u00f3k a burkolatok vil\u00e1g\u00e1ban \u2013 Pillant\u00e1s a Cersaie-n bemutatott kollekci\u00f3kra<\/h3><span class='av-masonry-date meta-color updated'>2025-10-10<\/span><span class=\"av-masonry-text-sep text-sep-author\">\/<\/span><span class='av-masonry-author meta-color author'><span class='fn'>Szerz\u0151: Bau-Styl<\/span><\/span><\/div><\/div><\/figcaption><\/figure><\/a><!--end av-masonry entry--><a href=\"https:\/\/www.bau-styl.hu\/furdoszobaszalon\/indoor-garden-es-a-marca-corona\/\"  id='av-masonry-1-item-42101' data-av-masonry-item='42101' class='av-masonry-entry isotope-item post-42101 post type-post status-publish format-standard has-post-thumbnail hentry category-erdekessegek all_sort erdekessegek_sort  av-masonry-item-with-image av-grid-img' title=\"Marca Corona Mirabilia (83)\"   itemscope=\"itemscope\" itemtype=\"https:\/\/schema.org\/CreativeWork\" ><div class='av-inner-masonry-sizer'><\/div><figure class='av-inner-masonry main_color'><div class=\"av-masonry-outerimage-container\"><div class='av-masonry-image-container' style=\"background-image: url(https:\/\/www.bau-styl.hu\/furdoszobaszalon\/wp-content\/uploads\/2023\/01\/Marca-Corona-Mirabilia-83-705x499.jpg);\"  title=\"Marca Corona Mirabilia (83)\" ><\/div><\/div><figcaption class='av-inner-masonry-content site-background'><div class='av-inner-masonry-content-pos'><div class='av-inner-masonry-content-pos-content'><div class='avia-arrow'><\/div><h3 class='av-masonry-entry-title entry-title '  itemprop=\"headline\" >Az Indoor Garden \u00e9s a Marca Corona<\/h3><span class='av-masonry-date meta-color updated'>2023-04-20<\/span><span class=\"av-masonry-text-sep text-sep-author\">\/<\/span><span class='av-masonry-author meta-color author'><span class='fn'>Szerz\u0151: Bau-Styl<\/span><\/span><\/div><\/div><\/figcaption><\/figure><\/a><!--end av-masonry entry--><a href=\"https:\/\/www.bau-styl.hu\/furdoszobaszalon\/meg-5-burkolat-melyben-uj-eletre-kel-a-tradicionalis-olasz-kezmuvesseg\/\"  id='av-masonry-1-item-42010' data-av-masonry-item='42010' class='av-masonry-entry isotope-item post-42010 post type-post status-publish format-standard has-post-thumbnail hentry category-burkolatok category-erdekessegek all_sort burkolatok_sort  erdekessegek_sort  av-masonry-item-with-image av-grid-img' title=\"Marca Corona Miniature (24)\"   itemscope=\"itemscope\" itemtype=\"https:\/\/schema.org\/CreativeWork\" ><div class='av-inner-masonry-sizer'><\/div><figure class='av-inner-masonry main_color'><div class=\"av-masonry-outerimage-container\"><div class='av-masonry-image-container' style=\"background-image: url(https:\/\/www.bau-styl.hu\/furdoszobaszalon\/wp-content\/uploads\/2023\/01\/Marca-Corona-Miniature-24-705x458.jpg);\"  title=\"Marca Corona Miniature (24)\" ><\/div><\/div><figcaption class='av-inner-masonry-content site-background'><div class='av-inner-masonry-content-pos'><div class='av-inner-masonry-content-pos-content'><div class='avia-arrow'><\/div><h3 class='av-masonry-entry-title entry-title '  itemprop=\"headline\" >M\u00e9g 5 burkolat, melyben \u00faj \u00e9letre kel a tradicion\u00e1lis olasz k\u00e9zm\u0171vess\u00e9g<\/h3><span class='av-masonry-date meta-color updated'>2023-04-08<\/span><span class=\"av-masonry-text-sep text-sep-author\">\/<\/span><span class='av-masonry-author meta-color author'><span class='fn'>Szerz\u0151: Bau-Styl<\/span><\/span><\/div><\/div><\/figcaption><\/figure><\/a><!--end av-masonry entry--><a href=\"https:\/\/www.bau-styl.hu\/furdoszobaszalon\/csupan-2-cm-megis-oriasi-kulonbseg\/\"  id='av-masonry-1-item-41622' data-av-masonry-item='41622' class='av-masonry-entry isotope-item post-41622 post type-post status-publish format-standard has-post-thumbnail hentry category-burkolatok category-erdekessegek all_sort burkolatok_sort  erdekessegek_sort  av-masonry-item-with-image av-grid-img' title=\"Novabell Thermae (7)\"   itemscope=\"itemscope\" itemtype=\"https:\/\/schema.org\/CreativeWork\" ><div class='av-inner-masonry-sizer'><\/div><figure class='av-inner-masonry main_color'><div class=\"av-masonry-outerimage-container\"><div class='av-masonry-image-container' style=\"background-image: url(https:\/\/www.bau-styl.hu\/furdoszobaszalon\/wp-content\/uploads\/2021\/03\/Novabell-Thermae-7-705x432.jpg);\"  title=\"Novabell Thermae (7)\" ><\/div><\/div><figcaption class='av-inner-masonry-content site-background'><div class='av-inner-masonry-content-pos'><div class='av-inner-masonry-content-pos-content'><div class='avia-arrow'><\/div><h3 class='av-masonry-entry-title entry-title '  itemprop=\"headline\" >Csup\u00e1n 2 cm, m\u00e9gis \u00f3ri\u00e1si k\u00fcl\u00f6nbs\u00e9g<\/h3><span class='av-masonry-date meta-color updated'>2023-03-01<\/span><span class=\"av-masonry-text-sep text-sep-author\">\/<\/span><span class='av-masonry-author meta-color author'><span class='fn'>Szerz\u0151: Bau-Styl<\/span><\/span><\/div><\/div><\/figcaption><\/figure><\/a><!--end av-masonry entry--><a href=\"https:\/\/www.bau-styl.hu\/furdoszobaszalon\/az-ellenallhatatlan-dzsungel-minta-es-az-elbuvolo-palmalevelek\/\"  id='av-masonry-1-item-36106' data-av-masonry-item='36106' class='av-masonry-entry isotope-item post-36106 post type-post status-publish format-standard has-post-thumbnail hentry category-burkolatok category-erdekessegek all_sort burkolatok_sort  erdekessegek_sort  av-masonry-item-with-image av-landscape-img' title=\"FAP Fapmurals (9)\"   itemscope=\"itemscope\" itemtype=\"https:\/\/schema.org\/CreativeWork\" ><div class='av-inner-masonry-sizer'><\/div><figure class='av-inner-masonry main_color'><div class=\"av-masonry-outerimage-container\"><div class='av-masonry-image-container' style=\"background-image: url(https:\/\/www.bau-styl.hu\/furdoszobaszalon\/wp-content\/uploads\/2022\/01\/FAP-Fapmurals-9-705x385.jpg);\"  title=\"FAP Fapmurals (9)\" ><\/div><\/div><figcaption class='av-inner-masonry-content site-background'><div class='av-inner-masonry-content-pos'><div class='av-inner-masonry-content-pos-content'><div class='avia-arrow'><\/div><h3 class='av-masonry-entry-title entry-title '  itemprop=\"headline\" >Az ellen\u00e1llhatatlan dzsungel minta \u00e9s az elb\u0171v\u00f6l\u0151 p\u00e1lmalevelek<\/h3><span class='av-masonry-date meta-color updated'>2022-05-25<\/span><span class=\"av-masonry-text-sep text-sep-author\">\/<\/span><span class='av-masonry-author meta-color author'><span class='fn'>Szerz\u0151: Bau-Styl<\/span><\/span><\/div><\/div><\/figcaption><\/figure><\/a><!--end av-masonry entry--><a href=\"https:\/\/www.bau-styl.hu\/furdoszobaszalon\/a-jobaratok-ikonikus-furdoszobaja\/\"  id='av-masonry-1-item-32547' data-av-masonry-item='32547' class='av-masonry-entry isotope-item post-32547 post type-post status-publish format-standard has-post-thumbnail hentry category-erdekessegek all_sort erdekessegek_sort  av-masonry-item-with-image av-grid-img' title=\"J\u00f3bar\u00e1tok ikonikus f\u00fcrd\u0151szob\u00e1ja\"   itemscope=\"itemscope\" itemtype=\"https:\/\/schema.org\/CreativeWork\" ><div class='av-inner-masonry-sizer'><\/div><figure class='av-inner-masonry main_color'><div class=\"av-masonry-outerimage-container\"><div class='av-masonry-image-container' style=\"background-image: url(https:\/\/www.bau-styl.hu\/furdoszobaszalon\/wp-content\/uploads\/2021\/05\/Jobaratok-ikonikus-furdoszobaja-705x470.jpg);\"  title=\"J\u00f3bar\u00e1tok ikonikus f\u00fcrd\u0151szob\u00e1ja\" ><\/div><\/div><figcaption class='av-inner-masonry-content site-background'><div class='av-inner-masonry-content-pos'><div class='av-inner-masonry-content-pos-content'><div class='avia-arrow'><\/div><h3 class='av-masonry-entry-title entry-title '  itemprop=\"headline\" >A J\u00f3bar\u00e1tok ikonikus f\u00fcrd\u0151szob\u00e1ja<\/h3><span class='av-masonry-date meta-color updated'>2021-05-21<\/span><span class=\"av-masonry-text-sep text-sep-author\">\/<\/span><span class='av-masonry-author meta-color author'><span class='fn'>Szerz\u0151: Bau-Styl<\/span><\/span><\/div><\/div><\/figcaption><\/figure><\/a><!--end av-masonry entry--><a href=\"https:\/\/www.bau-styl.hu\/furdoszobaszalon\/5-burkolat-melyben-uj-eletre-kel-a-tradicionalis-olasz-kezmuvesseg\/\"  id='av-masonry-1-item-32517' data-av-masonry-item='32517' class='av-masonry-entry isotope-item post-32517 post type-post status-publish format-standard has-post-thumbnail hentry category-burkolatok category-erdekessegek all_sort burkolatok_sort  erdekessegek_sort  av-masonry-item-with-image av-grid-img' title=\"Ragno Melange\"   itemscope=\"itemscope\" itemtype=\"https:\/\/schema.org\/CreativeWork\" ><div class='av-inner-masonry-sizer'><\/div><figure class='av-inner-masonry main_color'><div class=\"av-masonry-outerimage-container\"><div class='av-masonry-image-container' style=\"background-image: url(https:\/\/www.bau-styl.hu\/furdoszobaszalon\/wp-content\/uploads\/2020\/08\/Ragno-Melange-7-705x705.jpg);\"  title=\"Ragno Melange\" ><\/div><\/div><figcaption class='av-inner-masonry-content site-background'><div class='av-inner-masonry-content-pos'><div class='av-inner-masonry-content-pos-content'><div class='avia-arrow'><\/div><h3 class='av-masonry-entry-title entry-title '  itemprop=\"headline\" >5 burkolat, melyben \u00faj \u00e9letre kel a tradicion\u00e1lis olasz k\u00e9zm\u0171vess\u00e9g<\/h3><span class='av-masonry-date meta-color updated'>2021-05-13<\/span><span class=\"av-masonry-text-sep text-sep-author\">\/<\/span><span class='av-masonry-author meta-color author'><span class='fn'>Szerz\u0151: Bau-Styl<\/span><\/span><\/div><\/div><\/figcaption><\/figure><\/a><!--end av-masonry entry--><a href=\"https:\/\/www.bau-styl.hu\/furdoszobaszalon\/otthonteremtesitamogatasok\/\"  id='av-masonry-1-item-28687' data-av-masonry-item='28687' class='av-masonry-entry isotope-item post-28687 post type-post status-publish format-standard has-post-thumbnail hentry category-erdekessegek all_sort erdekessegek_sort  av-masonry-item-with-image av-grid-img' title=\"Otthonteremt\u00e9si t\u00e1mogat\u00e1sok\"   itemscope=\"itemscope\" itemtype=\"https:\/\/schema.org\/CreativeWork\" ><div class='av-inner-masonry-sizer'><\/div><figure class='av-inner-masonry main_color'><div class=\"av-masonry-outerimage-container\"><div class='av-masonry-image-container' style=\"background-image: url(https:\/\/www.bau-styl.hu\/furdoszobaszalon\/wp-content\/uploads\/2021\/01\/Bau-Styl-CSOK-705x470.jpeg);\"  title=\"Otthonteremt\u00e9si t\u00e1mogat\u00e1sok\" ><\/div><\/div><figcaption class='av-inner-masonry-content site-background'><div class='av-inner-masonry-content-pos'><div class='av-inner-masonry-content-pos-content'><div class='avia-arrow'><\/div><h3 class='av-masonry-entry-title entry-title '  itemprop=\"headline\" >Otthonteremt\u00e9si t\u00e1mogat\u00e1sok<\/h3><span class='av-masonry-date meta-color updated'>2021-01-11<\/span><span class=\"av-masonry-text-sep text-sep-author\">\/<\/span><span class='av-masonry-author meta-color author'><span class='fn'>Szerz\u0151: Bau-Styl<\/span><\/span><\/div><\/div><\/figcaption><\/figure><\/a><!--end av-masonry entry--><a href=\"https:\/\/www.bau-styl.hu\/furdoszobaszalon\/furdoszoba-atalakitas\/\"  id='av-masonry-1-item-28587' data-av-masonry-item='28587' class='av-masonry-entry isotope-item post-28587 post type-post status-publish format-standard has-post-thumbnail hentry category-erdekessegek all_sort erdekessegek_sort  av-masonry-item-with-image av-grid-img' title=\"\u00c1talak\u00edt\u00e1s\"   itemscope=\"itemscope\" itemtype=\"https:\/\/schema.org\/CreativeWork\" ><div class='av-inner-masonry-sizer'><\/div><figure class='av-inner-masonry main_color'><div class=\"av-masonry-outerimage-container\"><div class='av-masonry-image-container' style=\"background-image: url(https:\/\/www.bau-styl.hu\/furdoszobaszalon\/wp-content\/uploads\/2020\/12\/Atalakitas-705x529.jpg);\"  title=\"\u00c1talak\u00edt\u00e1s\" ><\/div><\/div><figcaption class='av-inner-masonry-content site-background'><div class='av-inner-masonry-content-pos'><div class='av-inner-masonry-content-pos-content'><div class='avia-arrow'><\/div><h3 class='av-masonry-entry-title entry-title '  itemprop=\"headline\" >F\u00fcrd\u0151szoba \u00e1talak\u00edt\u00e1s \/el\u0151tte, ut\u00e1na\/<\/h3><span class='av-masonry-date meta-color updated'>2020-12-04<\/span><span class=\"av-masonry-text-sep text-sep-author\">\/<\/span><span class='av-masonry-author meta-color author'><span class='fn'>Szerz\u0151: Bau-Styl<\/span><\/span><\/div><\/div><\/figcaption><\/figure><\/a><!--end av-masonry entry--><a href=\"https:\/\/www.bau-styl.hu\/furdoszobaszalon\/burkolasi-tipusok\/\"  id='av-masonry-1-item-17132' data-av-masonry-item='17132' class='av-masonry-entry isotope-item post-17132 post type-post status-publish format-standard has-post-thumbnail hentry category-burkolatok category-erdekessegek all_sort burkolatok_sort  erdekessegek_sort  av-masonry-item-with-image av-grid-img' title=\"Marca Corona Terracreta (43)\"   itemscope=\"itemscope\" itemtype=\"https:\/\/schema.org\/CreativeWork\" ><div class='av-inner-masonry-sizer'><\/div><figure class='av-inner-masonry main_color'><div class=\"av-masonry-outerimage-container\"><div class='av-masonry-image-container' style=\"background-image: url(https:\/\/www.bau-styl.hu\/furdoszobaszalon\/wp-content\/uploads\/2023\/01\/Marca-Corona-Terracreta-43-705x499.jpg);\"  title=\"Marca Corona Terracreta (43)\" ><\/div><\/div><figcaption class='av-inner-masonry-content site-background'><div class='av-inner-masonry-content-pos'><div class='av-inner-masonry-content-pos-content'><div class='avia-arrow'><\/div><h3 class='av-masonry-entry-title entry-title '  itemprop=\"headline\" >Burkol\u00e1si t\u00edpusok<\/h3><span class='av-masonry-date meta-color updated'>2020-02-18<\/span><span class=\"av-masonry-text-sep text-sep-author\">\/<\/span><span class='av-masonry-author meta-color author'><span class='fn'>Szerz\u0151: Bau-Styl<\/span><\/span><\/div><\/div><\/figcaption><\/figure><\/a><!--end av-masonry entry--><a href=\"https:\/\/www.bau-styl.hu\/furdoszobaszalon\/hogyan-alljunk-neki-a-tervezesnek\/\"  id='av-masonry-1-item-14393' data-av-masonry-item='14393' class='av-masonry-entry isotope-item post-14393 post type-post status-publish format-standard has-post-thumbnail hentry category-erdekessegek all_sort erdekessegek_sort  av-masonry-item-with-image av-landscape-img' title=\"FAP Sheer (1)\"   itemscope=\"itemscope\" itemtype=\"https:\/\/schema.org\/CreativeWork\" ><div class='av-inner-masonry-sizer'><\/div><figure class='av-inner-masonry main_color'><div class=\"av-masonry-outerimage-container\"><div class='av-masonry-image-container' style=\"background-image: url(https:\/\/www.bau-styl.hu\/furdoszobaszalon\/wp-content\/uploads\/2021\/06\/FAP-Sheer-1-705x413.jpg);\"  title=\"FAP Sheer (1)\" ><\/div><\/div><figcaption class='av-inner-masonry-content site-background'><div class='av-inner-masonry-content-pos'><div class='av-inner-masonry-content-pos-content'><div class='avia-arrow'><\/div><h3 class='av-masonry-entry-title entry-title '  itemprop=\"headline\" >Hogyan \u00e1lljunk neki a tervez\u00e9snek?<\/h3><span class='av-masonry-date meta-color updated'>2019-11-13<\/span><span class=\"av-masonry-text-sep text-sep-author\">\/<\/span><span class='av-masonry-author meta-color author'><span class='fn'>Szerz\u0151: Bau-Styl<\/span><\/span><\/div><\/div><\/figcaption><\/figure><\/a><!--end av-masonry entry--><\/div><div class='av-masonry-pagination av-masonry-pagination-pagination'><nav class='pagination'><span class='pagination-meta'>Oldal 1 \/ 2<\/span><span class='current'>1<\/span><a href='https:\/\/www.bau-styl.hu\/furdoszobaszalon\/wp-json\/wp\/v2\/pages\/17\/?avia-element-paging=2' class='inactive next_page' >2<\/a><\/nav>\n<\/div><\/div><\/div>\n","protected":false},"excerpt":{"rendered":"","protected":false},"author":2,"featured_media":0,"parent":0,"menu_order":0,"comment_status":"open","ping_status":"open","template":"","meta":{"footnotes":""},"class_list":["post-17","page","type-page","status-publish","hentry"],"aioseo_notices":[],"_links":{"self":[{"href":"https:\/\/www.bau-styl.hu\/furdoszobaszalon\/wp-json\/wp\/v2\/pages\/17","targetHints":{"allow":["GET"]}}],"collection":[{"href":"https:\/\/www.bau-styl.hu\/furdoszobaszalon\/wp-json\/wp\/v2\/pages"}],"about":[{"href":"https:\/\/www.bau-styl.hu\/furdoszobaszalon\/wp-json\/wp\/v2\/types\/page"}],"author":[{"embeddable":true,"href":"https:\/\/www.bau-styl.hu\/furdoszobaszalon\/wp-json\/wp\/v2\/users\/2"}],"replies":[{"embeddable":true,"href":"https:\/\/www.bau-styl.hu\/furdoszobaszalon\/wp-json\/wp\/v2\/comments?post=17"}],"version-history":[{"count":0,"href":"https:\/\/www.bau-styl.hu\/furdoszobaszalon\/wp-json\/wp\/v2\/pages\/17\/revisions"}],"wp:attachment":[{"href":"https:\/\/www.bau-styl.hu\/furdoszobaszalon\/wp-json\/wp\/v2\/media?parent=17"}],"curies":[{"name":"wp","href":"https:\/\/api.w.org\/{rel}","templated":true}]}}