{"id":33375,"date":"2021-09-15T11:19:54","date_gmt":"2021-09-15T10:19:54","guid":{"rendered":"https:\/\/www.bau-styl.hu\/furdoszobaszalon\/?page_id=33375"},"modified":"2023-04-30T09:10:10","modified_gmt":"2023-04-30T08:10:10","slug":"marca-corona-vie-della-pietra","status":"publish","type":"page","link":"https:\/\/www.bau-styl.hu\/furdoszobaszalon\/marca-corona-vie-della-pietra\/","title":{"rendered":"Marca Corona &#8211; Vie Della Pietra"},"content":{"rendered":"\n<style type=\"text\/css\" data-created_by=\"avia_inline_auto\" id=\"style-css-av-awd9eow-36c7a29d8ae5f4e0f1b2b8802f57bd74\">\n.avia-section.av-awd9eow-36c7a29d8ae5f4e0f1b2b8802f57bd74{\nbackground-repeat:no-repeat;\nbackground-image:url(https:\/\/www.bau-styl.hu\/furdoszobaszalon\/wp-content\/uploads\/2021\/09\/Marca-Corona-Vie-Della-Pietra-12.jpg);\nbackground-position:50% 50%;\nbackground-attachment:scroll;\n}\n.avia-section.av-awd9eow-36c7a29d8ae5f4e0f1b2b8802f57bd74 .av-section-color-overlay{\nopacity:0.5;\nbackground-color:#000000;\n}\n<\/style>\n<div id='av_section_1'  class='avia-section av-awd9eow-36c7a29d8ae5f4e0f1b2b8802f57bd74 main_color avia-section-default avia-no-shadow  avia-builder-el-0  el_before_av_section  avia-builder-el-first  avia-full-stretch avia-bg-style-scroll av-section-color-overlay-active container_wrap sidebar_right'  data-section-bg-repeat='stretch'><div class=\"av-section-color-overlay-wrap\"><div class=\"av-section-color-overlay\"><\/div><div class='container av-section-cont-open' ><main  role=\"main\" itemprop=\"mainContentOfPage\"  class='template-page content  av-content-small alpha units'><div class='post-entry post-entry-type-page post-entry-33375'><div class='entry-content-wrapper clearfix'>\n\n<style type=\"text\/css\" data-created_by=\"avia_inline_auto\" id=\"style-css-av-aewd8e8-9251b06a07af37a5eab4cc964a70cdf9\">\n#top .hr.hr-invisible.av-aewd8e8-9251b06a07af37a5eab4cc964a70cdf9{\nheight:50px;\n}\n<\/style>\n<div  class='hr av-aewd8e8-9251b06a07af37a5eab4cc964a70cdf9 hr-invisible  avia-builder-el-1  el_before_av_heading  avia-builder-el-first '><span class='hr-inner '><span class=\"hr-inner-style\"><\/span><\/span><\/div>\n\n<style type=\"text\/css\" data-created_by=\"avia_inline_auto\" id=\"style-css-av-l72z7uxq-d1ca788a132ea748e006bc03dbd47f8d\">\n#top .av-special-heading.av-l72z7uxq-d1ca788a132ea748e006bc03dbd47f8d{\npadding-bottom:10px;\ncolor:#ffffff;\n}\nbody .av-special-heading.av-l72z7uxq-d1ca788a132ea748e006bc03dbd47f8d .av-special-heading-tag .heading-char{\nfont-size:25px;\n}\n.av-special-heading.av-l72z7uxq-d1ca788a132ea748e006bc03dbd47f8d .special-heading-inner-border{\nborder-color:#ffffff;\n}\n.av-special-heading.av-l72z7uxq-d1ca788a132ea748e006bc03dbd47f8d .av-subheading{\nfont-size:15px;\n}\n<\/style>\n<div  class='av-special-heading av-l72z7uxq-d1ca788a132ea748e006bc03dbd47f8d av-special-heading-h1 custom-color-heading blockquote modern-quote modern-centered  avia-builder-el-2  el_after_av_hr  el_before_av_hr '><h1 class='av-special-heading-tag '  itemprop=\"headline\"  >VIE DELLA PIETRA<\/h1><div class='av_custom_color av-subheading av-subheading_below'><p>MARCA CORONA<\/p>\n<\/div><div class=\"special-heading-border\"><div class=\"special-heading-inner-border\"><\/div><\/div><\/div>\n\n<style type=\"text\/css\" data-created_by=\"avia_inline_auto\" id=\"style-css-av-9dbm8tc-30249e6c9822a0e7b0792609d5960610\">\n#top .hr.hr-invisible.av-9dbm8tc-30249e6c9822a0e7b0792609d5960610{\nheight:50px;\n}\n<\/style>\n<div  class='hr av-9dbm8tc-30249e6c9822a0e7b0792609d5960610 hr-invisible  avia-builder-el-3  el_after_av_heading  avia-builder-el-last '><span class='hr-inner '><span class=\"hr-inner-style\"><\/span><\/span><\/div>\n\n<\/div><\/div><\/main><!-- close content main element --><\/div><\/div><\/div><div id='av_section_2'  class='avia-section av-8sud6f4-c90f9cd1f5d0d87f034152c228d3b625 main_color avia-section-default avia-no-shadow  avia-builder-el-4  el_after_av_section  el_before_av_section  avia-bg-style-scroll container_wrap sidebar_right'  ><div class='container av-section-cont-open' ><div class='template-page content  av-content-small alpha units'><div class='post-entry post-entry-type-page post-entry-33375'><div class='entry-content-wrapper clearfix'>\n<section  class='av_textblock_section av-8eiy80w-8933067eb334652e2c13300437d2a540 '   itemscope=\"itemscope\" itemtype=\"https:\/\/schema.org\/CreativeWork\" ><div class='avia_textblock'  itemprop=\"text\" ><p style=\"text-align: JUSTIFY;\"><span style=\"font-weight: 400;\">A megszokott\u00f3l kisebb m\u00e9retben k\u00e9sz\u00fcl ez a kvarck\u0151re eml\u00e9keztet\u0151 k\u0151hat\u00e1s\u00fa kollekci\u00f3, amely n\u00e9gy term\u00e9szetes t\u00f3nust k\u00edn\u00e1l. A 22,5&#215;22,5 cm-es \u00e9s a 22,5&#215;45 cm-cm -es lapokat egymag\u00e1ban vagy ak\u00e1r egym\u00e1ssal kombin\u00e1lva is fektethetj\u00fck, a v\u00e9geredm\u00e9ny modern jelleget k\u00f6lcs\u00f6n\u00f6z a helyis\u00e9gnek. A Vie della pietra k\u00fclt\u00e9ri verzi\u00f3ban is el\u00e9rhet\u0151 20 mm-es vastags\u00e1ggal, \u00edgy sz\u00edvesen aj\u00e1nljuk medence mell\u00e9, teraszra vagy kertbe is. <\/span><span style=\"font-weight: 400;\">Kieg\u00e9sz\u00edt\u0151 darabja a szeg\u00e9lyelem, amely mind a n\u00e9gy sz\u00ednben el\u00e9rhet\u0151. <\/span><\/p>\n<\/div><\/section>\n<section  class='av_textblock_section av-pd983y-b1fa89478f6804fa4b17eb2c905af87b '   itemscope=\"itemscope\" itemtype=\"https:\/\/schema.org\/CreativeWork\" ><div class='avia_textblock'  itemprop=\"text\" ><p style=\"text-align: right;\"><mark><strong><a href=\"#ajanlat\">Aj\u00e1nlatot k\u00e9rek!<\/a><\/strong><\/mark><\/p>\n<\/div><\/section>\n<div  class='av_promobox av-6nd9xxc-868bcfe604b5f67bdbff0ad7205ad470 avia-button-yes  avia-builder-el-7  el_after_av_textblock  el_before_av_hr '><div class='avia-promocontent'><p>R\u00e9szletesebb inform\u00e1ci\u00f3t \u00e9s technikai adatokat a katal\u00f3gusban tal\u00e1l.<\/p>\n<\/div><div  class='avia-button-wrap av-6nd9xxc-df1d6a6e437963e06b67ef1040f9d033-wrap avia-button-right '><a href='https:\/\/www.bau-styl.hu\/furdoszobaszalon\/wp-content\/uploads\/2021\/09\/vie-della-pietra-catalogue.pdf'  class='avia-button av-6nd9xxc-df1d6a6e437963e06b67ef1040f9d033 av-link-btn avia-icon_select-no avia-size-large avia-position-right avia-color-theme-color'  target=\"_blank\"  rel=\"noopener noreferrer\"  aria-label=\"Katal\u00f3gus megtekint\u00e9se\"><span class='avia_iconbox_title' >Katal\u00f3gus megtekint\u00e9se<\/span><\/a><\/div><\/div>\n\n<style type=\"text\/css\" data-created_by=\"avia_inline_auto\" id=\"style-css-av-79ohu5c-37e55d95433f21b0d66250731cf19593\">\n#top .hr.hr-invisible.av-79ohu5c-37e55d95433f21b0d66250731cf19593{\nheight:50px;\n}\n<\/style>\n<div  class='hr av-79ohu5c-37e55d95433f21b0d66250731cf19593 hr-invisible  avia-builder-el-8  el_after_av_promobox  el_before_av_masonry_gallery  avia-builder-el-last '><span class='hr-inner '><span class=\"hr-inner-style\"><\/span><\/span><\/div>\n<div id='av-masonry-1' class='av-masonry av-l72z8cxp-22bc21e68871a61ee5350d96b17873f6 noHover av-fixed-size av-large-gap av-hover-overlay- av-masonry-animation-active av-masonry-col-5 av-caption-always av-caption-style- av-masonry-gallery av-medium-columns-overwrite av-medium-columns-4 av-small-columns-overwrite av-small-columns-4 av-mini-columns-overwrite av-mini-columns-4 ' data-post_id=\"33375\"><div class=\"av-masonry-container isotope av-js-disabled\"><div class='av-masonry-entry isotope-item av-masonry-item-no-image '><\/div><a href=\"https:\/\/www.bau-styl.hu\/furdoszobaszalon\/wp-content\/uploads\/2021\/09\/Marca-Corona-Vie-Della-Pietra-26.jpg\" data-srcset=\"https:\/\/www.bau-styl.hu\/furdoszobaszalon\/wp-content\/uploads\/2021\/09\/Marca-Corona-Vie-Della-Pietra-26.jpg 990w, https:\/\/www.bau-styl.hu\/furdoszobaszalon\/wp-content\/uploads\/2021\/09\/Marca-Corona-Vie-Della-Pietra-26-212x300.jpg 212w, https:\/\/www.bau-styl.hu\/furdoszobaszalon\/wp-content\/uploads\/2021\/09\/Marca-Corona-Vie-Della-Pietra-26-728x1030.jpg 728w, https:\/\/www.bau-styl.hu\/furdoszobaszalon\/wp-content\/uploads\/2021\/09\/Marca-Corona-Vie-Della-Pietra-26-768x1086.jpg 768w, https:\/\/www.bau-styl.hu\/furdoszobaszalon\/wp-content\/uploads\/2021\/09\/Marca-Corona-Vie-Della-Pietra-26-499x705.jpg 499w\" data-sizes=\"(max-width: 990px) 100vw, 990px\"  aria-label=\"image Marca Corona Vie Della Pietra (26)\"  id='av-masonry-1-item-33401' data-av-masonry-item='33401' class='av-masonry-entry isotope-item post-33401 attachment type-attachment status-inherit hentry  av-masonry-item-with-image' title=\"Marca Corona Vie Della Pietra (26)\" alt=\"\"    itemprop=\"thumbnailUrl\" ><div class='av-inner-masonry-sizer'><\/div><figure class='av-inner-masonry main_color'><div class=\"av-masonry-outerimage-container\"><div class='av-masonry-image-container' style=\"background-image: url(https:\/\/www.bau-styl.hu\/furdoszobaszalon\/wp-content\/uploads\/2021\/09\/Marca-Corona-Vie-Della-Pietra-26-495x400.jpg);\"  title=\"Marca Corona Vie Della Pietra (26)\" ><\/div><\/div><\/figure><\/a><!--end av-masonry entry--><a href=\"https:\/\/www.bau-styl.hu\/furdoszobaszalon\/wp-content\/uploads\/2021\/09\/Marca-Corona-Vie-Della-Pietra-25.jpg\" data-srcset=\"https:\/\/www.bau-styl.hu\/furdoszobaszalon\/wp-content\/uploads\/2021\/09\/Marca-Corona-Vie-Della-Pietra-25.jpg 1396w, https:\/\/www.bau-styl.hu\/furdoszobaszalon\/wp-content\/uploads\/2021\/09\/Marca-Corona-Vie-Della-Pietra-25-300x300.jpg 300w, https:\/\/www.bau-styl.hu\/furdoszobaszalon\/wp-content\/uploads\/2021\/09\/Marca-Corona-Vie-Della-Pietra-25-1027x1030.jpg 1027w, https:\/\/www.bau-styl.hu\/furdoszobaszalon\/wp-content\/uploads\/2021\/09\/Marca-Corona-Vie-Della-Pietra-25-80x80.jpg 80w, https:\/\/www.bau-styl.hu\/furdoszobaszalon\/wp-content\/uploads\/2021\/09\/Marca-Corona-Vie-Della-Pietra-25-768x770.jpg 768w, https:\/\/www.bau-styl.hu\/furdoszobaszalon\/wp-content\/uploads\/2021\/09\/Marca-Corona-Vie-Della-Pietra-25-36x36.jpg 36w, https:\/\/www.bau-styl.hu\/furdoszobaszalon\/wp-content\/uploads\/2021\/09\/Marca-Corona-Vie-Della-Pietra-25-180x180.jpg 180w, https:\/\/www.bau-styl.hu\/furdoszobaszalon\/wp-content\/uploads\/2021\/09\/Marca-Corona-Vie-Della-Pietra-25-703x705.jpg 703w\" data-sizes=\"(max-width: 1396px) 100vw, 1396px\"  aria-label=\"image Marca Corona Vie Della Pietra (25)\"  id='av-masonry-1-item-33400' data-av-masonry-item='33400' class='av-masonry-entry isotope-item post-33400 attachment type-attachment status-inherit hentry  av-masonry-item-with-image' title=\"Marca Corona Vie Della Pietra (25)\" alt=\"\"    itemprop=\"thumbnailUrl\" ><div class='av-inner-masonry-sizer'><\/div><figure class='av-inner-masonry main_color'><div class=\"av-masonry-outerimage-container\"><div class='av-masonry-image-container' style=\"background-image: url(https:\/\/www.bau-styl.hu\/furdoszobaszalon\/wp-content\/uploads\/2021\/09\/Marca-Corona-Vie-Della-Pietra-25-495x400.jpg);\"  title=\"Marca Corona Vie Della Pietra (25)\" ><\/div><\/div><\/figure><\/a><!--end av-masonry entry--><a href=\"https:\/\/www.bau-styl.hu\/furdoszobaszalon\/wp-content\/uploads\/2021\/09\/Marca-Corona-Vie-Della-Pietra-24.jpg\" data-srcset=\"https:\/\/www.bau-styl.hu\/furdoszobaszalon\/wp-content\/uploads\/2021\/09\/Marca-Corona-Vie-Della-Pietra-24.jpg 1059w, https:\/\/www.bau-styl.hu\/furdoszobaszalon\/wp-content\/uploads\/2021\/09\/Marca-Corona-Vie-Della-Pietra-24-227x300.jpg 227w, https:\/\/www.bau-styl.hu\/furdoszobaszalon\/wp-content\/uploads\/2021\/09\/Marca-Corona-Vie-Della-Pietra-24-779x1030.jpg 779w, https:\/\/www.bau-styl.hu\/furdoszobaszalon\/wp-content\/uploads\/2021\/09\/Marca-Corona-Vie-Della-Pietra-24-768x1015.jpg 768w, https:\/\/www.bau-styl.hu\/furdoszobaszalon\/wp-content\/uploads\/2021\/09\/Marca-Corona-Vie-Della-Pietra-24-533x705.jpg 533w\" data-sizes=\"(max-width: 1059px) 100vw, 1059px\"  aria-label=\"image Marca Corona Vie Della Pietra (24)\"  id='av-masonry-1-item-33399' data-av-masonry-item='33399' class='av-masonry-entry isotope-item post-33399 attachment type-attachment status-inherit hentry  av-masonry-item-with-image' title=\"Marca Corona Vie Della Pietra (24)\" alt=\"\"    itemprop=\"thumbnailUrl\" ><div class='av-inner-masonry-sizer'><\/div><figure class='av-inner-masonry main_color'><div class=\"av-masonry-outerimage-container\"><div class='av-masonry-image-container' style=\"background-image: url(https:\/\/www.bau-styl.hu\/furdoszobaszalon\/wp-content\/uploads\/2021\/09\/Marca-Corona-Vie-Della-Pietra-24-495x400.jpg);\"  title=\"Marca Corona Vie Della Pietra (24)\" ><\/div><\/div><\/figure><\/a><!--end av-masonry entry--><a href=\"https:\/\/www.bau-styl.hu\/furdoszobaszalon\/wp-content\/uploads\/2021\/09\/Marca-Corona-Vie-Della-Pietra-23.jpg\" data-srcset=\"https:\/\/www.bau-styl.hu\/furdoszobaszalon\/wp-content\/uploads\/2021\/09\/Marca-Corona-Vie-Della-Pietra-23.jpg 1050w, https:\/\/www.bau-styl.hu\/furdoszobaszalon\/wp-content\/uploads\/2021\/09\/Marca-Corona-Vie-Della-Pietra-23-225x300.jpg 225w, https:\/\/www.bau-styl.hu\/furdoszobaszalon\/wp-content\/uploads\/2021\/09\/Marca-Corona-Vie-Della-Pietra-23-773x1030.jpg 773w, https:\/\/www.bau-styl.hu\/furdoszobaszalon\/wp-content\/uploads\/2021\/09\/Marca-Corona-Vie-Della-Pietra-23-768x1024.jpg 768w, https:\/\/www.bau-styl.hu\/furdoszobaszalon\/wp-content\/uploads\/2021\/09\/Marca-Corona-Vie-Della-Pietra-23-529x705.jpg 529w\" data-sizes=\"(max-width: 1050px) 100vw, 1050px\"  aria-label=\"image Marca Corona Vie Della Pietra (23)\"  id='av-masonry-1-item-33398' data-av-masonry-item='33398' class='av-masonry-entry isotope-item post-33398 attachment type-attachment status-inherit hentry  av-masonry-item-with-image' title=\"Marca Corona Vie Della Pietra (23)\" alt=\"\"    itemprop=\"thumbnailUrl\" ><div class='av-inner-masonry-sizer'><\/div><figure class='av-inner-masonry main_color'><div class=\"av-masonry-outerimage-container\"><div class='av-masonry-image-container' style=\"background-image: url(https:\/\/www.bau-styl.hu\/furdoszobaszalon\/wp-content\/uploads\/2021\/09\/Marca-Corona-Vie-Della-Pietra-23-495x400.jpg);\"  title=\"Marca Corona Vie Della Pietra (23)\" ><\/div><\/div><\/figure><\/a><!--end av-masonry entry--><a href=\"https:\/\/www.bau-styl.hu\/furdoszobaszalon\/wp-content\/uploads\/2021\/09\/Marca-Corona-Vie-Della-Pietra-22.jpg\" data-srcset=\"https:\/\/www.bau-styl.hu\/furdoszobaszalon\/wp-content\/uploads\/2021\/09\/Marca-Corona-Vie-Della-Pietra-22.jpg 1049w, https:\/\/www.bau-styl.hu\/furdoszobaszalon\/wp-content\/uploads\/2021\/09\/Marca-Corona-Vie-Della-Pietra-22-225x300.jpg 225w, https:\/\/www.bau-styl.hu\/furdoszobaszalon\/wp-content\/uploads\/2021\/09\/Marca-Corona-Vie-Della-Pietra-22-772x1030.jpg 772w, https:\/\/www.bau-styl.hu\/furdoszobaszalon\/wp-content\/uploads\/2021\/09\/Marca-Corona-Vie-Della-Pietra-22-768x1025.jpg 768w, https:\/\/www.bau-styl.hu\/furdoszobaszalon\/wp-content\/uploads\/2021\/09\/Marca-Corona-Vie-Della-Pietra-22-528x705.jpg 528w\" data-sizes=\"(max-width: 1049px) 100vw, 1049px\"  aria-label=\"image Marca Corona Vie Della Pietra (22)\"  id='av-masonry-1-item-33397' data-av-masonry-item='33397' class='av-masonry-entry isotope-item post-33397 attachment type-attachment status-inherit hentry  av-masonry-item-with-image' title=\"Marca Corona Vie Della Pietra (22)\" alt=\"\"    itemprop=\"thumbnailUrl\" ><div class='av-inner-masonry-sizer'><\/div><figure class='av-inner-masonry main_color'><div class=\"av-masonry-outerimage-container\"><div class='av-masonry-image-container' style=\"background-image: url(https:\/\/www.bau-styl.hu\/furdoszobaszalon\/wp-content\/uploads\/2021\/09\/Marca-Corona-Vie-Della-Pietra-22-495x400.jpg);\"  title=\"Marca Corona Vie Della Pietra (22)\" ><\/div><\/div><\/figure><\/a><!--end av-masonry entry--><a href=\"https:\/\/www.bau-styl.hu\/furdoszobaszalon\/wp-content\/uploads\/2021\/09\/Marca-Corona-Vie-Della-Pietra-21.jpg\" data-srcset=\"https:\/\/www.bau-styl.hu\/furdoszobaszalon\/wp-content\/uploads\/2021\/09\/Marca-Corona-Vie-Della-Pietra-21.jpg 1400w, https:\/\/www.bau-styl.hu\/furdoszobaszalon\/wp-content\/uploads\/2021\/09\/Marca-Corona-Vie-Della-Pietra-21-300x195.jpg 300w, https:\/\/www.bau-styl.hu\/furdoszobaszalon\/wp-content\/uploads\/2021\/09\/Marca-Corona-Vie-Della-Pietra-21-1030x670.jpg 1030w, https:\/\/www.bau-styl.hu\/furdoszobaszalon\/wp-content\/uploads\/2021\/09\/Marca-Corona-Vie-Della-Pietra-21-768x499.jpg 768w, https:\/\/www.bau-styl.hu\/furdoszobaszalon\/wp-content\/uploads\/2021\/09\/Marca-Corona-Vie-Della-Pietra-21-705x458.jpg 705w\" data-sizes=\"(max-width: 1400px) 100vw, 1400px\"  aria-label=\"image Marca Corona Vie Della Pietra (21)\"  id='av-masonry-1-item-33396' data-av-masonry-item='33396' class='av-masonry-entry isotope-item post-33396 attachment type-attachment status-inherit hentry  av-masonry-item-with-image' title=\"Marca Corona Vie Della Pietra (21)\" alt=\"\"    itemprop=\"thumbnailUrl\" ><div class='av-inner-masonry-sizer'><\/div><figure class='av-inner-masonry main_color'><div class=\"av-masonry-outerimage-container\"><div class='av-masonry-image-container' style=\"background-image: url(https:\/\/www.bau-styl.hu\/furdoszobaszalon\/wp-content\/uploads\/2021\/09\/Marca-Corona-Vie-Della-Pietra-21-495x400.jpg);\"  title=\"Marca Corona Vie Della Pietra (21)\" ><\/div><\/div><\/figure><\/a><!--end av-masonry entry--><a href=\"https:\/\/www.bau-styl.hu\/furdoszobaszalon\/wp-content\/uploads\/2021\/09\/Marca-Corona-Vie-Della-Pietra-20.jpg\" data-srcset=\"https:\/\/www.bau-styl.hu\/furdoszobaszalon\/wp-content\/uploads\/2021\/09\/Marca-Corona-Vie-Della-Pietra-20.jpg 1049w, https:\/\/www.bau-styl.hu\/furdoszobaszalon\/wp-content\/uploads\/2021\/09\/Marca-Corona-Vie-Della-Pietra-20-225x300.jpg 225w, https:\/\/www.bau-styl.hu\/furdoszobaszalon\/wp-content\/uploads\/2021\/09\/Marca-Corona-Vie-Della-Pietra-20-772x1030.jpg 772w, https:\/\/www.bau-styl.hu\/furdoszobaszalon\/wp-content\/uploads\/2021\/09\/Marca-Corona-Vie-Della-Pietra-20-768x1025.jpg 768w, https:\/\/www.bau-styl.hu\/furdoszobaszalon\/wp-content\/uploads\/2021\/09\/Marca-Corona-Vie-Della-Pietra-20-528x705.jpg 528w\" data-sizes=\"(max-width: 1049px) 100vw, 1049px\"  aria-label=\"image Marca Corona Vie Della Pietra (20)\"  id='av-masonry-1-item-33395' data-av-masonry-item='33395' class='av-masonry-entry isotope-item post-33395 attachment type-attachment status-inherit hentry  av-masonry-item-with-image' title=\"Marca Corona Vie Della Pietra (20)\" alt=\"\"    itemprop=\"thumbnailUrl\" ><div class='av-inner-masonry-sizer'><\/div><figure class='av-inner-masonry main_color'><div class=\"av-masonry-outerimage-container\"><div class='av-masonry-image-container' style=\"background-image: url(https:\/\/www.bau-styl.hu\/furdoszobaszalon\/wp-content\/uploads\/2021\/09\/Marca-Corona-Vie-Della-Pietra-20-495x400.jpg);\"  title=\"Marca Corona Vie Della Pietra (20)\" ><\/div><\/div><\/figure><\/a><!--end av-masonry entry--><a href=\"https:\/\/www.bau-styl.hu\/furdoszobaszalon\/wp-content\/uploads\/2021\/09\/Marca-Corona-Vie-Della-Pietra-19.jpg\" data-srcset=\"https:\/\/www.bau-styl.hu\/furdoszobaszalon\/wp-content\/uploads\/2021\/09\/Marca-Corona-Vie-Della-Pietra-19.jpg 1049w, https:\/\/www.bau-styl.hu\/furdoszobaszalon\/wp-content\/uploads\/2021\/09\/Marca-Corona-Vie-Della-Pietra-19-225x300.jpg 225w, https:\/\/www.bau-styl.hu\/furdoszobaszalon\/wp-content\/uploads\/2021\/09\/Marca-Corona-Vie-Della-Pietra-19-772x1030.jpg 772w, https:\/\/www.bau-styl.hu\/furdoszobaszalon\/wp-content\/uploads\/2021\/09\/Marca-Corona-Vie-Della-Pietra-19-768x1025.jpg 768w, https:\/\/www.bau-styl.hu\/furdoszobaszalon\/wp-content\/uploads\/2021\/09\/Marca-Corona-Vie-Della-Pietra-19-528x705.jpg 528w\" data-sizes=\"(max-width: 1049px) 100vw, 1049px\"  aria-label=\"image Marca Corona Vie Della Pietra (19)\"  id='av-masonry-1-item-33394' data-av-masonry-item='33394' class='av-masonry-entry isotope-item post-33394 attachment type-attachment status-inherit hentry  av-masonry-item-with-image' title=\"Marca Corona Vie Della Pietra (19)\" alt=\"\"    itemprop=\"thumbnailUrl\" ><div class='av-inner-masonry-sizer'><\/div><figure class='av-inner-masonry main_color'><div class=\"av-masonry-outerimage-container\"><div class='av-masonry-image-container' style=\"background-image: url(https:\/\/www.bau-styl.hu\/furdoszobaszalon\/wp-content\/uploads\/2021\/09\/Marca-Corona-Vie-Della-Pietra-19-495x400.jpg);\"  title=\"Marca Corona Vie Della Pietra (19)\" ><\/div><\/div><\/figure><\/a><!--end av-masonry entry--><a href=\"https:\/\/www.bau-styl.hu\/furdoszobaszalon\/wp-content\/uploads\/2021\/09\/Marca-Corona-Vie-Della-Pietra-18.jpg\" data-srcset=\"https:\/\/www.bau-styl.hu\/furdoszobaszalon\/wp-content\/uploads\/2021\/09\/Marca-Corona-Vie-Della-Pietra-18.jpg 1060w, https:\/\/www.bau-styl.hu\/furdoszobaszalon\/wp-content\/uploads\/2021\/09\/Marca-Corona-Vie-Della-Pietra-18-227x300.jpg 227w, https:\/\/www.bau-styl.hu\/furdoszobaszalon\/wp-content\/uploads\/2021\/09\/Marca-Corona-Vie-Della-Pietra-18-780x1030.jpg 780w, https:\/\/www.bau-styl.hu\/furdoszobaszalon\/wp-content\/uploads\/2021\/09\/Marca-Corona-Vie-Della-Pietra-18-768x1014.jpg 768w, https:\/\/www.bau-styl.hu\/furdoszobaszalon\/wp-content\/uploads\/2021\/09\/Marca-Corona-Vie-Della-Pietra-18-534x705.jpg 534w\" data-sizes=\"(max-width: 1060px) 100vw, 1060px\"  aria-label=\"image Marca Corona Vie Della Pietra (18)\"  id='av-masonry-1-item-33393' data-av-masonry-item='33393' class='av-masonry-entry isotope-item post-33393 attachment type-attachment status-inherit hentry  av-masonry-item-with-image' title=\"Marca Corona Vie Della Pietra (18)\" alt=\"\"    itemprop=\"thumbnailUrl\" ><div class='av-inner-masonry-sizer'><\/div><figure class='av-inner-masonry main_color'><div class=\"av-masonry-outerimage-container\"><div class='av-masonry-image-container' style=\"background-image: url(https:\/\/www.bau-styl.hu\/furdoszobaszalon\/wp-content\/uploads\/2021\/09\/Marca-Corona-Vie-Della-Pietra-18-495x400.jpg);\"  title=\"Marca Corona Vie Della Pietra (18)\" ><\/div><\/div><\/figure><\/a><!--end av-masonry entry--><a href=\"https:\/\/www.bau-styl.hu\/furdoszobaszalon\/wp-content\/uploads\/2021\/09\/Marca-Corona-Vie-Della-Pietra-17.jpg\" data-srcset=\"https:\/\/www.bau-styl.hu\/furdoszobaszalon\/wp-content\/uploads\/2021\/09\/Marca-Corona-Vie-Della-Pietra-17.jpg 1400w, https:\/\/www.bau-styl.hu\/furdoszobaszalon\/wp-content\/uploads\/2021\/09\/Marca-Corona-Vie-Della-Pietra-17-300x195.jpg 300w, https:\/\/www.bau-styl.hu\/furdoszobaszalon\/wp-content\/uploads\/2021\/09\/Marca-Corona-Vie-Della-Pietra-17-1030x670.jpg 1030w, https:\/\/www.bau-styl.hu\/furdoszobaszalon\/wp-content\/uploads\/2021\/09\/Marca-Corona-Vie-Della-Pietra-17-768x499.jpg 768w, https:\/\/www.bau-styl.hu\/furdoszobaszalon\/wp-content\/uploads\/2021\/09\/Marca-Corona-Vie-Della-Pietra-17-705x458.jpg 705w\" data-sizes=\"(max-width: 1400px) 100vw, 1400px\"  aria-label=\"image Marca Corona Vie Della Pietra (17)\"  id='av-masonry-1-item-33392' data-av-masonry-item='33392' class='av-masonry-entry isotope-item post-33392 attachment type-attachment status-inherit hentry  av-masonry-item-with-image' title=\"Marca Corona Vie Della Pietra (17)\" alt=\"\"    itemprop=\"thumbnailUrl\" ><div class='av-inner-masonry-sizer'><\/div><figure class='av-inner-masonry main_color'><div class=\"av-masonry-outerimage-container\"><div class='av-masonry-image-container' style=\"background-image: url(https:\/\/www.bau-styl.hu\/furdoszobaszalon\/wp-content\/uploads\/2021\/09\/Marca-Corona-Vie-Della-Pietra-17-495x400.jpg);\"  title=\"Marca Corona Vie Della Pietra (17)\" ><\/div><\/div><\/figure><\/a><!--end av-masonry entry--><a href=\"https:\/\/www.bau-styl.hu\/furdoszobaszalon\/wp-content\/uploads\/2021\/09\/Marca-Corona-Vie-Della-Pietra-16.jpg\" data-srcset=\"https:\/\/www.bau-styl.hu\/furdoszobaszalon\/wp-content\/uploads\/2021\/09\/Marca-Corona-Vie-Della-Pietra-16.jpg 1049w, https:\/\/www.bau-styl.hu\/furdoszobaszalon\/wp-content\/uploads\/2021\/09\/Marca-Corona-Vie-Della-Pietra-16-225x300.jpg 225w, https:\/\/www.bau-styl.hu\/furdoszobaszalon\/wp-content\/uploads\/2021\/09\/Marca-Corona-Vie-Della-Pietra-16-772x1030.jpg 772w, https:\/\/www.bau-styl.hu\/furdoszobaszalon\/wp-content\/uploads\/2021\/09\/Marca-Corona-Vie-Della-Pietra-16-768x1025.jpg 768w, https:\/\/www.bau-styl.hu\/furdoszobaszalon\/wp-content\/uploads\/2021\/09\/Marca-Corona-Vie-Della-Pietra-16-528x705.jpg 528w\" data-sizes=\"(max-width: 1049px) 100vw, 1049px\"  aria-label=\"image Marca Corona Vie Della Pietra (16)\"  id='av-masonry-1-item-33391' data-av-masonry-item='33391' class='av-masonry-entry isotope-item post-33391 attachment type-attachment status-inherit hentry  av-masonry-item-with-image' title=\"Marca Corona Vie Della Pietra (16)\" alt=\"\"    itemprop=\"thumbnailUrl\" ><div class='av-inner-masonry-sizer'><\/div><figure class='av-inner-masonry main_color'><div class=\"av-masonry-outerimage-container\"><div class='av-masonry-image-container' style=\"background-image: url(https:\/\/www.bau-styl.hu\/furdoszobaszalon\/wp-content\/uploads\/2021\/09\/Marca-Corona-Vie-Della-Pietra-16-495x400.jpg);\"  title=\"Marca Corona Vie Della Pietra (16)\" ><\/div><\/div><\/figure><\/a><!--end av-masonry entry--><a href=\"https:\/\/www.bau-styl.hu\/furdoszobaszalon\/wp-content\/uploads\/2021\/09\/Marca-Corona-Vie-Della-Pietra-15.jpg\" data-srcset=\"https:\/\/www.bau-styl.hu\/furdoszobaszalon\/wp-content\/uploads\/2021\/09\/Marca-Corona-Vie-Della-Pietra-15.jpg 1060w, https:\/\/www.bau-styl.hu\/furdoszobaszalon\/wp-content\/uploads\/2021\/09\/Marca-Corona-Vie-Della-Pietra-15-227x300.jpg 227w, https:\/\/www.bau-styl.hu\/furdoszobaszalon\/wp-content\/uploads\/2021\/09\/Marca-Corona-Vie-Della-Pietra-15-780x1030.jpg 780w, https:\/\/www.bau-styl.hu\/furdoszobaszalon\/wp-content\/uploads\/2021\/09\/Marca-Corona-Vie-Della-Pietra-15-768x1014.jpg 768w, https:\/\/www.bau-styl.hu\/furdoszobaszalon\/wp-content\/uploads\/2021\/09\/Marca-Corona-Vie-Della-Pietra-15-534x705.jpg 534w\" data-sizes=\"(max-width: 1060px) 100vw, 1060px\"  aria-label=\"image Marca Corona Vie Della Pietra (15)\"  id='av-masonry-1-item-33390' data-av-masonry-item='33390' class='av-masonry-entry isotope-item post-33390 attachment type-attachment status-inherit hentry  av-masonry-item-with-image' title=\"Marca Corona Vie Della Pietra (15)\" alt=\"\"    itemprop=\"thumbnailUrl\" ><div class='av-inner-masonry-sizer'><\/div><figure class='av-inner-masonry main_color'><div class=\"av-masonry-outerimage-container\"><div class='av-masonry-image-container' style=\"background-image: url(https:\/\/www.bau-styl.hu\/furdoszobaszalon\/wp-content\/uploads\/2021\/09\/Marca-Corona-Vie-Della-Pietra-15-495x400.jpg);\"  title=\"Marca Corona Vie Della Pietra (15)\" ><\/div><\/div><\/figure><\/a><!--end av-masonry entry--><a href=\"https:\/\/www.bau-styl.hu\/furdoszobaszalon\/wp-content\/uploads\/2021\/09\/Marca-Corona-Vie-Della-Pietra-14.jpg\" data-srcset=\"https:\/\/www.bau-styl.hu\/furdoszobaszalon\/wp-content\/uploads\/2021\/09\/Marca-Corona-Vie-Della-Pietra-14.jpg 1400w, https:\/\/www.bau-styl.hu\/furdoszobaszalon\/wp-content\/uploads\/2021\/09\/Marca-Corona-Vie-Della-Pietra-14-300x195.jpg 300w, https:\/\/www.bau-styl.hu\/furdoszobaszalon\/wp-content\/uploads\/2021\/09\/Marca-Corona-Vie-Della-Pietra-14-1030x670.jpg 1030w, https:\/\/www.bau-styl.hu\/furdoszobaszalon\/wp-content\/uploads\/2021\/09\/Marca-Corona-Vie-Della-Pietra-14-768x499.jpg 768w, https:\/\/www.bau-styl.hu\/furdoszobaszalon\/wp-content\/uploads\/2021\/09\/Marca-Corona-Vie-Della-Pietra-14-705x458.jpg 705w\" data-sizes=\"(max-width: 1400px) 100vw, 1400px\"  aria-label=\"image Marca Corona Vie Della Pietra (14)\"  id='av-masonry-1-item-33389' data-av-masonry-item='33389' class='av-masonry-entry isotope-item post-33389 attachment type-attachment status-inherit hentry  av-masonry-item-with-image' title=\"Marca Corona Vie Della Pietra (14)\" alt=\"\"    itemprop=\"thumbnailUrl\" ><div class='av-inner-masonry-sizer'><\/div><figure class='av-inner-masonry main_color'><div class=\"av-masonry-outerimage-container\"><div class='av-masonry-image-container' style=\"background-image: url(https:\/\/www.bau-styl.hu\/furdoszobaszalon\/wp-content\/uploads\/2021\/09\/Marca-Corona-Vie-Della-Pietra-14-495x400.jpg);\"  title=\"Marca Corona Vie Della Pietra (14)\" ><\/div><\/div><\/figure><\/a><!--end av-masonry entry--><a href=\"https:\/\/www.bau-styl.hu\/furdoszobaszalon\/wp-content\/uploads\/2021\/09\/Marca-Corona-Vie-Della-Pietra-13.jpg\" data-srcset=\"https:\/\/www.bau-styl.hu\/furdoszobaszalon\/wp-content\/uploads\/2021\/09\/Marca-Corona-Vie-Della-Pietra-13.jpg 990w, https:\/\/www.bau-styl.hu\/furdoszobaszalon\/wp-content\/uploads\/2021\/09\/Marca-Corona-Vie-Della-Pietra-13-212x300.jpg 212w, https:\/\/www.bau-styl.hu\/furdoszobaszalon\/wp-content\/uploads\/2021\/09\/Marca-Corona-Vie-Della-Pietra-13-728x1030.jpg 728w, https:\/\/www.bau-styl.hu\/furdoszobaszalon\/wp-content\/uploads\/2021\/09\/Marca-Corona-Vie-Della-Pietra-13-768x1086.jpg 768w, https:\/\/www.bau-styl.hu\/furdoszobaszalon\/wp-content\/uploads\/2021\/09\/Marca-Corona-Vie-Della-Pietra-13-499x705.jpg 499w\" data-sizes=\"(max-width: 990px) 100vw, 990px\"  aria-label=\"image Marca Corona Vie Della Pietra (13)\"  id='av-masonry-1-item-33388' data-av-masonry-item='33388' class='av-masonry-entry isotope-item post-33388 attachment type-attachment status-inherit hentry  av-masonry-item-with-image' title=\"Marca Corona Vie Della Pietra (13)\" alt=\"\"    itemprop=\"thumbnailUrl\" ><div class='av-inner-masonry-sizer'><\/div><figure class='av-inner-masonry main_color'><div class=\"av-masonry-outerimage-container\"><div class='av-masonry-image-container' style=\"background-image: url(https:\/\/www.bau-styl.hu\/furdoszobaszalon\/wp-content\/uploads\/2021\/09\/Marca-Corona-Vie-Della-Pietra-13-495x400.jpg);\"  title=\"Marca Corona Vie Della Pietra (13)\" ><\/div><\/div><\/figure><\/a><!--end av-masonry entry--><a href=\"https:\/\/www.bau-styl.hu\/furdoszobaszalon\/wp-content\/uploads\/2021\/09\/Marca-Corona-Vie-Della-Pietra-12.jpg\" data-srcset=\"https:\/\/www.bau-styl.hu\/furdoszobaszalon\/wp-content\/uploads\/2021\/09\/Marca-Corona-Vie-Della-Pietra-12.jpg 1400w, https:\/\/www.bau-styl.hu\/furdoszobaszalon\/wp-content\/uploads\/2021\/09\/Marca-Corona-Vie-Della-Pietra-12-300x195.jpg 300w, https:\/\/www.bau-styl.hu\/furdoszobaszalon\/wp-content\/uploads\/2021\/09\/Marca-Corona-Vie-Della-Pietra-12-1030x670.jpg 1030w, https:\/\/www.bau-styl.hu\/furdoszobaszalon\/wp-content\/uploads\/2021\/09\/Marca-Corona-Vie-Della-Pietra-12-768x499.jpg 768w, https:\/\/www.bau-styl.hu\/furdoszobaszalon\/wp-content\/uploads\/2021\/09\/Marca-Corona-Vie-Della-Pietra-12-705x458.jpg 705w\" data-sizes=\"(max-width: 1400px) 100vw, 1400px\"  aria-label=\"image Marca Corona Vie Della Pietra (12)\"  id='av-masonry-1-item-33387' data-av-masonry-item='33387' class='av-masonry-entry isotope-item post-33387 attachment type-attachment status-inherit hentry  av-masonry-item-with-image' title=\"Marca Corona Vie Della Pietra (12)\" alt=\"\"    itemprop=\"thumbnailUrl\" ><div class='av-inner-masonry-sizer'><\/div><figure class='av-inner-masonry main_color'><div class=\"av-masonry-outerimage-container\"><div class='av-masonry-image-container' style=\"background-image: url(https:\/\/www.bau-styl.hu\/furdoszobaszalon\/wp-content\/uploads\/2021\/09\/Marca-Corona-Vie-Della-Pietra-12-495x400.jpg);\"  title=\"Marca Corona Vie Della Pietra (12)\" ><\/div><\/div><\/figure><\/a><!--end av-masonry entry--><a href=\"https:\/\/www.bau-styl.hu\/furdoszobaszalon\/wp-content\/uploads\/2021\/09\/Marca-Corona-Vie-Della-Pietra-11.jpg\" data-srcset=\"https:\/\/www.bau-styl.hu\/furdoszobaszalon\/wp-content\/uploads\/2021\/09\/Marca-Corona-Vie-Della-Pietra-11.jpg 1050w, https:\/\/www.bau-styl.hu\/furdoszobaszalon\/wp-content\/uploads\/2021\/09\/Marca-Corona-Vie-Della-Pietra-11-225x300.jpg 225w, https:\/\/www.bau-styl.hu\/furdoszobaszalon\/wp-content\/uploads\/2021\/09\/Marca-Corona-Vie-Della-Pietra-11-773x1030.jpg 773w, https:\/\/www.bau-styl.hu\/furdoszobaszalon\/wp-content\/uploads\/2021\/09\/Marca-Corona-Vie-Della-Pietra-11-768x1024.jpg 768w, https:\/\/www.bau-styl.hu\/furdoszobaszalon\/wp-content\/uploads\/2021\/09\/Marca-Corona-Vie-Della-Pietra-11-529x705.jpg 529w\" data-sizes=\"(max-width: 1050px) 100vw, 1050px\"  aria-label=\"image Marca Corona Vie Della Pietra (11)\"  id='av-masonry-1-item-33386' data-av-masonry-item='33386' class='av-masonry-entry isotope-item post-33386 attachment type-attachment status-inherit hentry  av-masonry-item-with-image' title=\"Marca Corona Vie Della Pietra (11)\" alt=\"\"    itemprop=\"thumbnailUrl\" ><div class='av-inner-masonry-sizer'><\/div><figure class='av-inner-masonry main_color'><div class=\"av-masonry-outerimage-container\"><div class='av-masonry-image-container' style=\"background-image: url(https:\/\/www.bau-styl.hu\/furdoszobaszalon\/wp-content\/uploads\/2021\/09\/Marca-Corona-Vie-Della-Pietra-11-495x400.jpg);\"  title=\"Marca Corona Vie Della Pietra (11)\" ><\/div><\/div><\/figure><\/a><!--end av-masonry entry--><a href=\"https:\/\/www.bau-styl.hu\/furdoszobaszalon\/wp-content\/uploads\/2021\/09\/Marca-Corona-Vie-Della-Pietra-10.jpg\" data-srcset=\"https:\/\/www.bau-styl.hu\/furdoszobaszalon\/wp-content\/uploads\/2021\/09\/Marca-Corona-Vie-Della-Pietra-10.jpg 1060w, https:\/\/www.bau-styl.hu\/furdoszobaszalon\/wp-content\/uploads\/2021\/09\/Marca-Corona-Vie-Della-Pietra-10-227x300.jpg 227w, https:\/\/www.bau-styl.hu\/furdoszobaszalon\/wp-content\/uploads\/2021\/09\/Marca-Corona-Vie-Della-Pietra-10-780x1030.jpg 780w, https:\/\/www.bau-styl.hu\/furdoszobaszalon\/wp-content\/uploads\/2021\/09\/Marca-Corona-Vie-Della-Pietra-10-768x1014.jpg 768w, https:\/\/www.bau-styl.hu\/furdoszobaszalon\/wp-content\/uploads\/2021\/09\/Marca-Corona-Vie-Della-Pietra-10-534x705.jpg 534w\" data-sizes=\"(max-width: 1060px) 100vw, 1060px\"  aria-label=\"image Marca Corona Vie Della Pietra (10)\"  id='av-masonry-1-item-33385' data-av-masonry-item='33385' class='av-masonry-entry isotope-item post-33385 attachment type-attachment status-inherit hentry  av-masonry-item-with-image' title=\"Marca Corona Vie Della Pietra (10)\" alt=\"\"    itemprop=\"thumbnailUrl\" ><div class='av-inner-masonry-sizer'><\/div><figure class='av-inner-masonry main_color'><div class=\"av-masonry-outerimage-container\"><div class='av-masonry-image-container' style=\"background-image: url(https:\/\/www.bau-styl.hu\/furdoszobaszalon\/wp-content\/uploads\/2021\/09\/Marca-Corona-Vie-Della-Pietra-10-495x400.jpg);\"  title=\"Marca Corona Vie Della Pietra (10)\" ><\/div><\/div><\/figure><\/a><!--end av-masonry entry--><a href=\"https:\/\/www.bau-styl.hu\/furdoszobaszalon\/wp-content\/uploads\/2021\/09\/Marca-Corona-Vie-Della-Pietra-9.jpg\" data-srcset=\"https:\/\/www.bau-styl.hu\/furdoszobaszalon\/wp-content\/uploads\/2021\/09\/Marca-Corona-Vie-Della-Pietra-9.jpg 1400w, https:\/\/www.bau-styl.hu\/furdoszobaszalon\/wp-content\/uploads\/2021\/09\/Marca-Corona-Vie-Della-Pietra-9-300x195.jpg 300w, https:\/\/www.bau-styl.hu\/furdoszobaszalon\/wp-content\/uploads\/2021\/09\/Marca-Corona-Vie-Della-Pietra-9-1030x670.jpg 1030w, https:\/\/www.bau-styl.hu\/furdoszobaszalon\/wp-content\/uploads\/2021\/09\/Marca-Corona-Vie-Della-Pietra-9-768x499.jpg 768w, https:\/\/www.bau-styl.hu\/furdoszobaszalon\/wp-content\/uploads\/2021\/09\/Marca-Corona-Vie-Della-Pietra-9-705x458.jpg 705w\" data-sizes=\"(max-width: 1400px) 100vw, 1400px\"  aria-label=\"image Marca Corona Vie Della Pietra (9)\"  id='av-masonry-1-item-33384' data-av-masonry-item='33384' class='av-masonry-entry isotope-item post-33384 attachment type-attachment status-inherit hentry  av-masonry-item-with-image' title=\"Marca Corona Vie Della Pietra (9)\" alt=\"\"    itemprop=\"thumbnailUrl\" ><div class='av-inner-masonry-sizer'><\/div><figure class='av-inner-masonry main_color'><div class=\"av-masonry-outerimage-container\"><div class='av-masonry-image-container' style=\"background-image: url(https:\/\/www.bau-styl.hu\/furdoszobaszalon\/wp-content\/uploads\/2021\/09\/Marca-Corona-Vie-Della-Pietra-9-495x400.jpg);\"  title=\"Marca Corona Vie Della Pietra (9)\" ><\/div><\/div><\/figure><\/a><!--end av-masonry entry--><a href=\"https:\/\/www.bau-styl.hu\/furdoszobaszalon\/wp-content\/uploads\/2021\/09\/Marca-Corona-Vie-Della-Pietra-8.jpg\" data-srcset=\"https:\/\/www.bau-styl.hu\/furdoszobaszalon\/wp-content\/uploads\/2021\/09\/Marca-Corona-Vie-Della-Pietra-8.jpg 990w, https:\/\/www.bau-styl.hu\/furdoszobaszalon\/wp-content\/uploads\/2021\/09\/Marca-Corona-Vie-Della-Pietra-8-212x300.jpg 212w, https:\/\/www.bau-styl.hu\/furdoszobaszalon\/wp-content\/uploads\/2021\/09\/Marca-Corona-Vie-Della-Pietra-8-728x1030.jpg 728w, https:\/\/www.bau-styl.hu\/furdoszobaszalon\/wp-content\/uploads\/2021\/09\/Marca-Corona-Vie-Della-Pietra-8-768x1086.jpg 768w, https:\/\/www.bau-styl.hu\/furdoszobaszalon\/wp-content\/uploads\/2021\/09\/Marca-Corona-Vie-Della-Pietra-8-499x705.jpg 499w\" data-sizes=\"(max-width: 990px) 100vw, 990px\"  aria-label=\"image Marca Corona Vie Della Pietra (8)\"  id='av-masonry-1-item-33383' data-av-masonry-item='33383' class='av-masonry-entry isotope-item post-33383 attachment type-attachment status-inherit hentry  av-masonry-item-with-image' title=\"Marca Corona Vie Della Pietra (8)\" alt=\"\"    itemprop=\"thumbnailUrl\" ><div class='av-inner-masonry-sizer'><\/div><figure class='av-inner-masonry main_color'><div class=\"av-masonry-outerimage-container\"><div class='av-masonry-image-container' style=\"background-image: url(https:\/\/www.bau-styl.hu\/furdoszobaszalon\/wp-content\/uploads\/2021\/09\/Marca-Corona-Vie-Della-Pietra-8-495x400.jpg);\"  title=\"Marca Corona Vie Della Pietra (8)\" ><\/div><\/div><\/figure><\/a><!--end av-masonry entry--><a href=\"https:\/\/www.bau-styl.hu\/furdoszobaszalon\/wp-content\/uploads\/2021\/09\/Marca-Corona-Vie-Della-Pietra-7.jpg\" data-srcset=\"https:\/\/www.bau-styl.hu\/furdoszobaszalon\/wp-content\/uploads\/2021\/09\/Marca-Corona-Vie-Della-Pietra-7.jpg 990w, https:\/\/www.bau-styl.hu\/furdoszobaszalon\/wp-content\/uploads\/2021\/09\/Marca-Corona-Vie-Della-Pietra-7-212x300.jpg 212w, https:\/\/www.bau-styl.hu\/furdoszobaszalon\/wp-content\/uploads\/2021\/09\/Marca-Corona-Vie-Della-Pietra-7-728x1030.jpg 728w, https:\/\/www.bau-styl.hu\/furdoszobaszalon\/wp-content\/uploads\/2021\/09\/Marca-Corona-Vie-Della-Pietra-7-768x1086.jpg 768w, https:\/\/www.bau-styl.hu\/furdoszobaszalon\/wp-content\/uploads\/2021\/09\/Marca-Corona-Vie-Della-Pietra-7-499x705.jpg 499w\" data-sizes=\"(max-width: 990px) 100vw, 990px\"  aria-label=\"image Marca Corona Vie Della Pietra (7)\"  id='av-masonry-1-item-33382' data-av-masonry-item='33382' class='av-masonry-entry isotope-item post-33382 attachment type-attachment status-inherit hentry  av-masonry-item-with-image' title=\"Marca Corona Vie Della Pietra (7)\" alt=\"\"    itemprop=\"thumbnailUrl\" ><div class='av-inner-masonry-sizer'><\/div><figure class='av-inner-masonry main_color'><div class=\"av-masonry-outerimage-container\"><div class='av-masonry-image-container' style=\"background-image: url(https:\/\/www.bau-styl.hu\/furdoszobaszalon\/wp-content\/uploads\/2021\/09\/Marca-Corona-Vie-Della-Pietra-7-495x400.jpg);\"  title=\"Marca Corona Vie Della Pietra (7)\" ><\/div><\/div><\/figure><\/a><!--end av-masonry entry--><a href=\"https:\/\/www.bau-styl.hu\/furdoszobaszalon\/wp-content\/uploads\/2021\/09\/Marca-Corona-Vie-Della-Pietra-6.jpg\" data-srcset=\"https:\/\/www.bau-styl.hu\/furdoszobaszalon\/wp-content\/uploads\/2021\/09\/Marca-Corona-Vie-Della-Pietra-6.jpg 1400w, https:\/\/www.bau-styl.hu\/furdoszobaszalon\/wp-content\/uploads\/2021\/09\/Marca-Corona-Vie-Della-Pietra-6-300x195.jpg 300w, https:\/\/www.bau-styl.hu\/furdoszobaszalon\/wp-content\/uploads\/2021\/09\/Marca-Corona-Vie-Della-Pietra-6-1030x670.jpg 1030w, https:\/\/www.bau-styl.hu\/furdoszobaszalon\/wp-content\/uploads\/2021\/09\/Marca-Corona-Vie-Della-Pietra-6-768x499.jpg 768w, https:\/\/www.bau-styl.hu\/furdoszobaszalon\/wp-content\/uploads\/2021\/09\/Marca-Corona-Vie-Della-Pietra-6-705x458.jpg 705w\" data-sizes=\"(max-width: 1400px) 100vw, 1400px\"  aria-label=\"image Marca Corona Vie Della Pietra (6)\"  id='av-masonry-1-item-33381' data-av-masonry-item='33381' class='av-masonry-entry isotope-item post-33381 attachment type-attachment status-inherit hentry  av-masonry-item-with-image' title=\"Marca Corona Vie Della Pietra (6)\" alt=\"\"    itemprop=\"thumbnailUrl\" ><div class='av-inner-masonry-sizer'><\/div><figure class='av-inner-masonry main_color'><div class=\"av-masonry-outerimage-container\"><div class='av-masonry-image-container' style=\"background-image: url(https:\/\/www.bau-styl.hu\/furdoszobaszalon\/wp-content\/uploads\/2021\/09\/Marca-Corona-Vie-Della-Pietra-6-495x400.jpg);\"  title=\"Marca Corona Vie Della Pietra (6)\" ><\/div><\/div><\/figure><\/a><!--end av-masonry entry--><a href=\"https:\/\/www.bau-styl.hu\/furdoszobaszalon\/wp-content\/uploads\/2021\/09\/Marca-Corona-Vie-Della-Pietra-5.jpg\" data-srcset=\"https:\/\/www.bau-styl.hu\/furdoszobaszalon\/wp-content\/uploads\/2021\/09\/Marca-Corona-Vie-Della-Pietra-5.jpg 990w, https:\/\/www.bau-styl.hu\/furdoszobaszalon\/wp-content\/uploads\/2021\/09\/Marca-Corona-Vie-Della-Pietra-5-212x300.jpg 212w, https:\/\/www.bau-styl.hu\/furdoszobaszalon\/wp-content\/uploads\/2021\/09\/Marca-Corona-Vie-Della-Pietra-5-728x1030.jpg 728w, https:\/\/www.bau-styl.hu\/furdoszobaszalon\/wp-content\/uploads\/2021\/09\/Marca-Corona-Vie-Della-Pietra-5-768x1086.jpg 768w, https:\/\/www.bau-styl.hu\/furdoszobaszalon\/wp-content\/uploads\/2021\/09\/Marca-Corona-Vie-Della-Pietra-5-499x705.jpg 499w\" data-sizes=\"(max-width: 990px) 100vw, 990px\"  aria-label=\"image Marca Corona Vie Della Pietra (5)\"  id='av-masonry-1-item-33380' data-av-masonry-item='33380' class='av-masonry-entry isotope-item post-33380 attachment type-attachment status-inherit hentry  av-masonry-item-with-image' title=\"Marca Corona Vie Della Pietra (5)\" alt=\"\"    itemprop=\"thumbnailUrl\" ><div class='av-inner-masonry-sizer'><\/div><figure class='av-inner-masonry main_color'><div class=\"av-masonry-outerimage-container\"><div class='av-masonry-image-container' style=\"background-image: url(https:\/\/www.bau-styl.hu\/furdoszobaszalon\/wp-content\/uploads\/2021\/09\/Marca-Corona-Vie-Della-Pietra-5-495x400.jpg);\"  title=\"Marca Corona Vie Della Pietra (5)\" ><\/div><\/div><\/figure><\/a><!--end av-masonry entry--><a href=\"https:\/\/www.bau-styl.hu\/furdoszobaszalon\/wp-content\/uploads\/2021\/09\/Marca-Corona-Vie-Della-Pietra-4.jpg\" data-srcset=\"https:\/\/www.bau-styl.hu\/furdoszobaszalon\/wp-content\/uploads\/2021\/09\/Marca-Corona-Vie-Della-Pietra-4.jpg 1400w, https:\/\/www.bau-styl.hu\/furdoszobaszalon\/wp-content\/uploads\/2021\/09\/Marca-Corona-Vie-Della-Pietra-4-300x195.jpg 300w, https:\/\/www.bau-styl.hu\/furdoszobaszalon\/wp-content\/uploads\/2021\/09\/Marca-Corona-Vie-Della-Pietra-4-1030x670.jpg 1030w, https:\/\/www.bau-styl.hu\/furdoszobaszalon\/wp-content\/uploads\/2021\/09\/Marca-Corona-Vie-Della-Pietra-4-768x499.jpg 768w, https:\/\/www.bau-styl.hu\/furdoszobaszalon\/wp-content\/uploads\/2021\/09\/Marca-Corona-Vie-Della-Pietra-4-705x458.jpg 705w\" data-sizes=\"(max-width: 1400px) 100vw, 1400px\"  aria-label=\"image Marca Corona Vie Della Pietra (4)\"  id='av-masonry-1-item-33379' data-av-masonry-item='33379' class='av-masonry-entry isotope-item post-33379 attachment type-attachment status-inherit hentry  av-masonry-item-with-image' title=\"Marca Corona Vie Della Pietra (4)\" alt=\"\"    itemprop=\"thumbnailUrl\" ><div class='av-inner-masonry-sizer'><\/div><figure class='av-inner-masonry main_color'><div class=\"av-masonry-outerimage-container\"><div class='av-masonry-image-container' style=\"background-image: url(https:\/\/www.bau-styl.hu\/furdoszobaszalon\/wp-content\/uploads\/2021\/09\/Marca-Corona-Vie-Della-Pietra-4-495x400.jpg);\"  title=\"Marca Corona Vie Della Pietra (4)\" ><\/div><\/div><\/figure><\/a><!--end av-masonry entry--><a href=\"https:\/\/www.bau-styl.hu\/furdoszobaszalon\/wp-content\/uploads\/2021\/09\/Marca-Corona-Vie-Della-Pietra-3.jpg\" data-srcset=\"https:\/\/www.bau-styl.hu\/furdoszobaszalon\/wp-content\/uploads\/2021\/09\/Marca-Corona-Vie-Della-Pietra-3.jpg 910w, https:\/\/www.bau-styl.hu\/furdoszobaszalon\/wp-content\/uploads\/2021\/09\/Marca-Corona-Vie-Della-Pietra-3-195x300.jpg 195w, https:\/\/www.bau-styl.hu\/furdoszobaszalon\/wp-content\/uploads\/2021\/09\/Marca-Corona-Vie-Della-Pietra-3-670x1030.jpg 670w, https:\/\/www.bau-styl.hu\/furdoszobaszalon\/wp-content\/uploads\/2021\/09\/Marca-Corona-Vie-Della-Pietra-3-768x1182.jpg 768w, https:\/\/www.bau-styl.hu\/furdoszobaszalon\/wp-content\/uploads\/2021\/09\/Marca-Corona-Vie-Della-Pietra-3-458x705.jpg 458w\" data-sizes=\"(max-width: 910px) 100vw, 910px\"  aria-label=\"image Marca Corona Vie Della Pietra (3)\"  id='av-masonry-1-item-33378' data-av-masonry-item='33378' class='av-masonry-entry isotope-item post-33378 attachment type-attachment status-inherit hentry  av-masonry-item-with-image' title=\"Marca Corona Vie Della Pietra (3)\" alt=\"\"    itemprop=\"thumbnailUrl\" ><div class='av-inner-masonry-sizer'><\/div><figure class='av-inner-masonry main_color'><div class=\"av-masonry-outerimage-container\"><div class='av-masonry-image-container' style=\"background-image: url(https:\/\/www.bau-styl.hu\/furdoszobaszalon\/wp-content\/uploads\/2021\/09\/Marca-Corona-Vie-Della-Pietra-3-495x400.jpg);\"  title=\"Marca Corona Vie Della Pietra (3)\" ><\/div><\/div><\/figure><\/a><!--end av-masonry entry--><a href=\"https:\/\/www.bau-styl.hu\/furdoszobaszalon\/wp-content\/uploads\/2021\/09\/Marca-Corona-Vie-Della-Pietra-2.jpg\" data-srcset=\"https:\/\/www.bau-styl.hu\/furdoszobaszalon\/wp-content\/uploads\/2021\/09\/Marca-Corona-Vie-Della-Pietra-2.jpg 990w, https:\/\/www.bau-styl.hu\/furdoszobaszalon\/wp-content\/uploads\/2021\/09\/Marca-Corona-Vie-Della-Pietra-2-212x300.jpg 212w, https:\/\/www.bau-styl.hu\/furdoszobaszalon\/wp-content\/uploads\/2021\/09\/Marca-Corona-Vie-Della-Pietra-2-728x1030.jpg 728w, https:\/\/www.bau-styl.hu\/furdoszobaszalon\/wp-content\/uploads\/2021\/09\/Marca-Corona-Vie-Della-Pietra-2-768x1086.jpg 768w, https:\/\/www.bau-styl.hu\/furdoszobaszalon\/wp-content\/uploads\/2021\/09\/Marca-Corona-Vie-Della-Pietra-2-499x705.jpg 499w\" data-sizes=\"(max-width: 990px) 100vw, 990px\"  aria-label=\"image Marca Corona Vie Della Pietra (2)\"  id='av-masonry-1-item-33377' data-av-masonry-item='33377' class='av-masonry-entry isotope-item post-33377 attachment type-attachment status-inherit hentry  av-masonry-item-with-image' title=\"Marca Corona Vie Della Pietra (2)\" alt=\"\"    itemprop=\"thumbnailUrl\" ><div class='av-inner-masonry-sizer'><\/div><figure class='av-inner-masonry main_color'><div class=\"av-masonry-outerimage-container\"><div class='av-masonry-image-container' style=\"background-image: url(https:\/\/www.bau-styl.hu\/furdoszobaszalon\/wp-content\/uploads\/2021\/09\/Marca-Corona-Vie-Della-Pietra-2-495x400.jpg);\"  title=\"Marca Corona Vie Della Pietra (2)\" ><\/div><\/div><\/figure><\/a><!--end av-masonry entry--><a href=\"https:\/\/www.bau-styl.hu\/furdoszobaszalon\/wp-content\/uploads\/2021\/09\/Marca-Corona-Vie-Della-Pietra-1.jpg\" data-srcset=\"https:\/\/www.bau-styl.hu\/furdoszobaszalon\/wp-content\/uploads\/2021\/09\/Marca-Corona-Vie-Della-Pietra-1.jpg 1400w, https:\/\/www.bau-styl.hu\/furdoszobaszalon\/wp-content\/uploads\/2021\/09\/Marca-Corona-Vie-Della-Pietra-1-300x195.jpg 300w, https:\/\/www.bau-styl.hu\/furdoszobaszalon\/wp-content\/uploads\/2021\/09\/Marca-Corona-Vie-Della-Pietra-1-1030x670.jpg 1030w, https:\/\/www.bau-styl.hu\/furdoszobaszalon\/wp-content\/uploads\/2021\/09\/Marca-Corona-Vie-Della-Pietra-1-768x499.jpg 768w, https:\/\/www.bau-styl.hu\/furdoszobaszalon\/wp-content\/uploads\/2021\/09\/Marca-Corona-Vie-Della-Pietra-1-705x458.jpg 705w\" data-sizes=\"(max-width: 1400px) 100vw, 1400px\"  aria-label=\"image Marca Corona Vie Della Pietra (1)\"  id='av-masonry-1-item-33376' data-av-masonry-item='33376' class='av-masonry-entry isotope-item post-33376 attachment type-attachment status-inherit hentry  av-masonry-item-with-image' title=\"Marca Corona Vie Della Pietra (1)\" alt=\"\"    itemprop=\"thumbnailUrl\" ><div class='av-inner-masonry-sizer'><\/div><figure class='av-inner-masonry main_color'><div class=\"av-masonry-outerimage-container\"><div class='av-masonry-image-container' style=\"background-image: url(https:\/\/www.bau-styl.hu\/furdoszobaszalon\/wp-content\/uploads\/2021\/09\/Marca-Corona-Vie-Della-Pietra-1-495x400.jpg);\"  title=\"Marca Corona Vie Della Pietra (1)\" ><\/div><\/div><\/figure><\/a><!--end av-masonry entry--><\/div><\/div>\n\n<style type=\"text\/css\" data-created_by=\"avia_inline_auto\" id=\"style-css-av-6fca4w0-df4c01e2c169bc41b94b6b20ff739818\">\n#top .hr.hr-invisible.av-6fca4w0-df4c01e2c169bc41b94b6b20ff739818{\nheight:50px;\n}\n<\/style>\n<div  class='hr av-6fca4w0-df4c01e2c169bc41b94b6b20ff739818 hr-invisible  avia-builder-el-10  el_after_av_masonry_gallery  avia-builder-el-no-sibling '><span class='hr-inner '><span class=\"hr-inner-style\"><\/span><\/span><\/div>\n\n<\/div><\/div><\/div><!-- close content main div --><\/div><\/div>\n<style type=\"text\/css\" data-created_by=\"avia_inline_auto\" id=\"style-css-av-5ommslc-b3adc799ba95bf7bb57cf40c058882d6\">\n.avia-section.av-5ommslc-b3adc799ba95bf7bb57cf40c058882d6{\nbackground-repeat:no-repeat;\nbackground-image:url(https:\/\/www.bau-styl.hu\/furdoszobaszalon\/wp-content\/uploads\/2021\/09\/Marca-Corona-Vie-Della-Pietra-10.jpg);\nbackground-position:50% 50%;\nbackground-attachment:scroll;\n}\n.avia-section.av-5ommslc-b3adc799ba95bf7bb57cf40c058882d6 .av-section-color-overlay{\nopacity:0.5;\nbackground-color:#000000;\n}\n<\/style>\n<div id='ajanlat'  class='avia-section av-5ommslc-b3adc799ba95bf7bb57cf40c058882d6 main_color avia-section-default avia-no-shadow  avia-builder-el-11  el_after_av_section  avia-builder-el-last  avia-full-stretch avia-bg-style-scroll av-section-color-overlay-active container_wrap sidebar_right'  data-section-bg-repeat='stretch'><div class=\"av-section-color-overlay-wrap\"><div class=\"av-section-color-overlay\"><\/div><div class='container av-section-cont-open' ><div class='template-page content  av-content-small alpha units'><div class='post-entry post-entry-type-page post-entry-33375'><div class='entry-content-wrapper clearfix'>\n\n<style type=\"text\/css\" data-created_by=\"avia_inline_auto\" id=\"style-css-av-jlep28-f5940e6a60301828d8a533f59e8bdd5b\">\n#top .hr.hr-invisible.av-jlep28-f5940e6a60301828d8a533f59e8bdd5b{\nheight:50px;\n}\n<\/style>\n<div  class='hr av-jlep28-f5940e6a60301828d8a533f59e8bdd5b hr-invisible  avia-builder-el-12  el_before_av_one_fifth  avia-builder-el-first '><span class='hr-inner '><span class=\"hr-inner-style\"><\/span><\/span><\/div>\n\n<style type=\"text\/css\" data-created_by=\"avia_inline_auto\" id=\"style-css-av-4s1mkjk-f8a5efe075235c9115520d66d3b2fbd0\">\n.flex_column.av-4s1mkjk-f8a5efe075235c9115520d66d3b2fbd0{\nborder-radius:0px 0px 0px 0px;\npadding:0px 0px 0px 0px;\n}\n<\/style>\n<div  class='flex_column av-4s1mkjk-f8a5efe075235c9115520d66d3b2fbd0 av_one_fifth  avia-builder-el-13  el_after_av_hr  el_before_av_three_fifth  first flex_column_div av-zero-column-padding  '     ><\/div>\n<style type=\"text\/css\" data-created_by=\"avia_inline_auto\" id=\"style-css-av-4fn11b-2aaf3c94b444af850ddede8c0b1fb162\">\n.flex_column.av-4fn11b-2aaf3c94b444af850ddede8c0b1fb162{\nborder-radius:0px 0px 0px 0px;\npadding:30px 30px 30px 30px;\nbackground-color:rgba(35,35,35,0.57);\n}\n<\/style>\n<div  class='flex_column av-4fn11b-2aaf3c94b444af850ddede8c0b1fb162 av_three_fifth  avia-builder-el-14  el_after_av_one_fifth  el_before_av_one_fifth  flex_column_div  '     ><style type=\"text\/css\" data-created_by=\"avia_inline_auto\" id=\"style-css-av-uom8e7-a164e2c19b2528fad9d162c74a777602\">\n#top .av_textblock_section.av-uom8e7-a164e2c19b2528fad9d162c74a777602 .avia_textblock{\nfont-size:16px;\ncolor:#ffffff;\n}\n<\/style>\n<section  class='av_textblock_section av-uom8e7-a164e2c19b2528fad9d162c74a777602 '   itemscope=\"itemscope\" itemtype=\"https:\/\/schema.org\/CreativeWork\" ><div class='avia_textblock av_inherit_color'  itemprop=\"text\" ><p style=\"text-align: center;\"><strong>Ha elnyerte tetsz\u00e9s\u00e9t ez a kollekci\u00f3, forduljon hozz\u00e1nk bizalommal!<\/strong><\/p>\n<p style=\"text-align: center;\"><strong>Adja meg el\u00e9rhet\u0151s\u00e9g\u00e9t \u00e9s munkat\u00e1rsaink hamarosan felveszik \u00d6nnel a kapcsolatot!\u00a0<\/strong><\/p>\n<\/div><\/section><br \/>\n<form action=\"https:\/\/www.bau-styl.hu\/furdoszobaszalon\/marca-corona-vie-della-pietra\/\" method=\"post\" data-fields-with-error=\"Found errors in the following field(s):\" class=\"avia_ajax_form av-form-labels-hidden   avia-builder-el-16  el_after_av_textblock  avia-builder-el-last  av-custom-form-color av-light-form \" data-avia-form-id=\"1\" data-avia-redirect='https:\/\/www.bau-styl.hu\/furdoszobaszalon\/koszonjuk-erdeklodeset\/' ><fieldset><p class='  first_form  form_element form_element_third' id='element_avia_1_1'><label for=\"avia_1_1\">N\u00e9v <abbr class=\"required\" title=\"required\">*<\/abbr><\/label> <input name=\"avia_1_1\" class=\"text_input is_empty\" type=\"text\" id=\"avia_1_1\" value=\"\"  placeholder='N\u00e9v*'\/><\/p><p class='  form_element form_element_third' id='element_avia_2_1'><label for=\"avia_2_1\">E-Mail c\u00edm <abbr class=\"required\" title=\"required\">*<\/abbr><\/label> <input name=\"avia_2_1\" class=\"text_input is_email\" type=\"text\" id=\"avia_2_1\" value=\"\"  placeholder='E-Mail c\u00edm*'\/><\/p><p class='  form_element form_element_third' id='element_avia_3_1'><label for=\"avia_3_1\">Telefonsz\u00e1m <abbr class=\"required\" title=\"required\">*<\/abbr><\/label> <input name=\"avia_3_1\" class=\"text_input is_phone\" type=\"text\" id=\"avia_3_1\" value=\"\"  placeholder='Telefonsz\u00e1m*'\/><\/p><p class='  first_form  form_element form_fullwidth' id='element_avia_4_1'><label for=\"avia_4_1\">C\u00edm <abbr class=\"required\" title=\"required\">*<\/abbr><\/label> <input name=\"avia_4_1\" class=\"text_input is_empty\" type=\"text\" id=\"avia_4_1\" value=\"\"  placeholder='C\u00edm*'\/><\/p><p class='  first_form  form_element form_fullwidth' id='element_avia_5_1'><label for=\"avia_5_1\" class=\"textare_label hidden textare_label_avia_5_1\">Megjegyz\u00e9s<\/label><textarea  placeholder='Megjegyz\u00e9s' name=\"avia_5_1\" class=\"text_area \" cols=\"40\" rows=\"7\" id=\"avia_5_1\" ><\/textarea><\/p><p class=\"hidden\"><input type=\"text\" name=\"avia_6_1\" class=\"hidden \" id=\"avia_6_1\" value=\"\" \/><\/p><p class=' av_form_privacy_check av_contact_privacy_check first_form  form_element form_fullwidth' id='element_avia_7_1'><input  name=\"avia_7_1\" class=\"input_checkbox is_empty\" type=\"checkbox\" id=\"avia_7_1\" value=\"true\"\/><label class=\"input_checkbox_label\" for=\"avia_7_1\">Elfogadom az adatkezel\u00e9si nyilatkozatot <abbr class=\"required\" title=\"required\">*<\/abbr><\/label><\/p><p class=\"form_element \"><input type=\"hidden\" value=\"1\" name=\"avia_generated_form1\" \/><input type=\"submit\" value=\"K\u00fcld\u00e9s\" class=\"button\"  data-sending-label=\"K\u00fcld\u00e9s\"\/><\/p><\/fieldset><\/form><div id=\"ajaxresponse_1\" class=\"ajaxresponse ajaxresponse_1 hidden\"><\/div><\/p><\/div>\n<style type=\"text\/css\" data-created_by=\"avia_inline_auto\" id=\"style-css-av-101zfgg-36db3a1bb6bbb0cef84486e675d6281a\">\n.flex_column.av-101zfgg-36db3a1bb6bbb0cef84486e675d6281a{\nborder-radius:0px 0px 0px 0px;\npadding:0px 0px 0px 0px;\n}\n<\/style>\n<div  class='flex_column av-101zfgg-36db3a1bb6bbb0cef84486e675d6281a av_one_fifth  avia-builder-el-17  el_after_av_three_fifth  el_before_av_hr  flex_column_div av-zero-column-padding  '     ><\/div>\n<style type=\"text\/css\" data-created_by=\"avia_inline_auto\" id=\"style-css-av-2wur5s-fd56cf4d627f8de8449f5f290e6eeff7\">\n#top .hr.hr-invisible.av-2wur5s-fd56cf4d627f8de8449f5f290e6eeff7{\nheight:50px;\n}\n<\/style>\n<div  class='hr av-2wur5s-fd56cf4d627f8de8449f5f290e6eeff7 hr-invisible  avia-builder-el-18  el_after_av_one_fifth  avia-builder-el-last '><span class='hr-inner '><span class=\"hr-inner-style\"><\/span><\/span><\/div>\n<\/div><\/div><\/div><!-- close content main div --><\/div><\/div><\/div><div id='after_section_3'  class='main_color av_default_container_wrap container_wrap sidebar_right'  ><div class='container av-section-cont-open' ><div class='template-page content  av-content-small alpha units'><div class='post-entry post-entry-type-page post-entry-33375'><div class='entry-content-wrapper clearfix'>\n","protected":false},"excerpt":{"rendered":"","protected":false},"author":2,"featured_media":0,"parent":0,"menu_order":0,"comment_status":"closed","ping_status":"closed","template":"","meta":{"footnotes":""},"class_list":["post-33375","page","type-page","status-publish","hentry"],"aioseo_notices":[],"_links":{"self":[{"href":"https:\/\/www.bau-styl.hu\/furdoszobaszalon\/wp-json\/wp\/v2\/pages\/33375","targetHints":{"allow":["GET"]}}],"collection":[{"href":"https:\/\/www.bau-styl.hu\/furdoszobaszalon\/wp-json\/wp\/v2\/pages"}],"about":[{"href":"https:\/\/www.bau-styl.hu\/furdoszobaszalon\/wp-json\/wp\/v2\/types\/page"}],"author":[{"embeddable":true,"href":"https:\/\/www.bau-styl.hu\/furdoszobaszalon\/wp-json\/wp\/v2\/users\/2"}],"replies":[{"embeddable":true,"href":"https:\/\/www.bau-styl.hu\/furdoszobaszalon\/wp-json\/wp\/v2\/comments?post=33375"}],"version-history":[{"count":0,"href":"https:\/\/www.bau-styl.hu\/furdoszobaszalon\/wp-json\/wp\/v2\/pages\/33375\/revisions"}],"wp:attachment":[{"href":"https:\/\/www.bau-styl.hu\/furdoszobaszalon\/wp-json\/wp\/v2\/media?parent=33375"}],"curies":[{"name":"wp","href":"https:\/\/api.w.org\/{rel}","templated":true}]}}