{"id":36862,"date":"2022-08-17T15:26:14","date_gmt":"2022-08-17T14:26:14","guid":{"rendered":"https:\/\/www.bau-styl.hu\/furdoszobaszalon\/?page_id=36862"},"modified":"2022-08-17T15:26:14","modified_gmt":"2022-08-17T14:26:14","slug":"altalanos-szerzodesi-feltetelek","status":"publish","type":"page","link":"https:\/\/www.bau-styl.hu\/furdoszobaszalon\/altalanos-szerzodesi-feltetelek\/","title":{"rendered":"\u00c1ltal\u00e1nos szerz\u0151d\u00e9si felt\u00e9telek"},"content":{"rendered":"<div id='av_section_1'  class='avia-section av-av_section-e72984d7d38aa3d67d084c0697520518 main_color avia-section-default avia-no-border-styling  avia-builder-el-0  avia-builder-el-no-sibling  avia-bg-style-scroll container_wrap sidebar_right'  ><div class='container av-section-cont-open' ><main  role=\"main\" itemprop=\"mainContentOfPage\"  class='template-page content  av-content-small alpha units'><div class='post-entry post-entry-type-page post-entry-36862'><div class='entry-content-wrapper clearfix'>\n<section  class='av_textblock_section av-l6xpicor-fae88d9cd6b9accce04764122e287289 '   itemscope=\"itemscope\" itemtype=\"https:\/\/schema.org\/CreativeWork\" ><div class='avia_textblock'  itemprop=\"text\" ><p><span style=\"font-weight: 400;\">\u00c1ltal\u00e1nos Szerz\u0151d\u00e9si Felt\u00e9telek<\/span><\/p>\n<p><span style=\"font-weight: 400;\">SZERZ\u0150D\u00c9S HAT\u00c1LYA<\/span><\/p>\n<p><span style=\"font-weight: 400;\">Az al\u00e1bbiakban megfogalmazott \u00c1ltal\u00e1nos Szerz\u0151d\u00e9si Felt\u00e9telek mindazon aj\u00e1nlatokra illetve \u00e9rt\u00e9kes\u00edt\u00e9si \u00fcgyletekre vonatkoznak, amelyek sor\u00e1n a\u00a0<\/span><b>Bau-Styl Kft<\/b><span style=\"font-weight: 400;\">. (<\/span><b>Vecs\u00e9s, F\u0151 \u00fat 2\/c<\/b><span style=\"font-weight: 400;\">), tov\u00e1bbiakban Elad\u00f3 vagy Sz\u00e1ll\u00edt\u00f3, a Megrendel\u0151 (tov\u00e1bbiakban: Megrendel\u0151 vagy Vev\u0151) r\u00e9sz\u00e9re \u00e1ru\u00e9rt\u00e9kes\u00edt\u00e9st v\u00e9gez. A jelen \u00c1Szf.-ben nem szerepl\u0151 k\u00e9rd\u00e9sekben, illet\u0151leg amennyiben jelen \u00c1SzF-t\u0151l r\u00e9szben elt\u00e9r\u0151 felt\u00e9telekkel k\u00edv\u00e1nnak szerz\u0151dni, felek jogosultak k\u00fcl\u00f6n \u00edr\u00e1sbeli meg\u00e1llapod\u00e1st k\u00f6tni. Jelen \u00c1ltal\u00e1nos Szerz\u0151d\u00e9si Felt\u00e9telek vonatkoznak tov\u00e1bb\u00e1 minden, Elad\u00f3val j\u00f6v\u0151ben megk\u00f6t\u00f6tt \u00fcgyletre is.\u00a0<\/span><\/p>\n<p><span style=\"font-weight: 400;\">MEGRENDEL\u00c9S<\/span><\/p>\n<p><span style=\"font-weight: 400;\">Elad\u00f3 \u00e1raj\u00e1nlata k\u00f6telezetts\u00e9gv\u00e1llal\u00e1s n\u00e9lk\u00fcli nyilatkozatnak min\u0151s\u00fcl. Az Elad\u00f3 \u00e1ltal forgalmazott term\u00e9kek list\u00e1j\u00e1t \u00e9s egys\u00e9g\u00e1r\u00e1t a kiadott \u00e1raj\u00e1nlat tartalmazza. A kiadott \u00e1raj\u00e1nlatban szerepl\u0151 \u00e1r kiz\u00e1r\u00f3lag a megadott id\u0151intervallumban \u00e9rv\u00e9nyes. Az \u00e1raj\u00e1nlatban megadott \u00e1rak, brutt\u00f3 term\u00e9k\u00e1rak, amely tartalmazza a jogszab\u00e1lyban meghat\u00e1rozott \u00e1ltal\u00e1nos forgalmi ad\u00f3t. A kapcsol\u00f3d\u00f3 csomagol\u00e1si, sz\u00e1ll\u00edt\u00e1si, \u00e9s az esetleges egy\u00e9b k\u00f6lts\u00e9gek, ha vannak, akkor azok k\u00fcl\u00f6n t\u00e9telk\u00e9nt szerepelnek az aj\u00e1nlaton, \u00e9s az egy\u00e9b bizonylatainkon is.<\/span><span style=\"font-weight: 400;\"><br \/>\n<\/span><span style=\"font-weight: 400;\">Amennyiben Elad\u00f3 \u00e1raj\u00e1nlat\u00e1ban m\u00e1sk\u00e9nt nem nyilatkozik, \u00fagy az ad\u00e1sv\u00e9tel sor\u00e1n a megrendel\u00e9s id\u0151pontj\u00e1ban \u00e9rv\u00e9nyes, Elad\u00f3 \u00e1ltal kiadott \u00e1raj\u00e1nlat szerinti \u00e1rakat kell alkalmazni. Az \u00e1rak nem tartalmazz\u00e1k a raklapd\u00edj \u00f6sszeg\u00e9t, amely mindenkor a vonatkoz\u00f3\u00a0 d\u00edjszab\u00e1s szerint ker\u00fcl kisz\u00e1ml\u00e1z\u00e1sra. Elad\u00f3 k\u00fcl\u00f6n meg\u00e1llap\u00edtott d\u00edjaz\u00e1s ellen\u00e9ben \u00e9s el\u0151zetes egyeztet\u00e9st k\u00f6vet\u0151en v\u00e1llalja a forgalmazott term\u00e9kek helysz\u00ednre sz\u00e1ll\u00edt\u00e1s\u00e1t, lerakod\u00e1s\u00e1t \u00e9s daruz\u00e1s\u00e1t. Sz\u00e1ll\u00edt\u00f3i \u00e1rusz\u00e1ll\u00edt\u00e1s eset\u00e9n Megrendel\u0151 k\u00f6teles megfelel\u0151 rakod\u00f3t\u00e9r \u00e9s t\u00e1rol\u00e1si hely, valamint az \u00e1ru szakszer\u0171 \u00e1tv\u00e9tel\u00e9hez sz\u00fcks\u00e9ges felel\u0151s szem\u00e9ly biztos\u00edt\u00e1s\u00e1ra. E felt\u00e9telek be nem tart\u00e1s\u00e1\u00e9rt Megrendel\u0151 anyagi felel\u0151ss\u00e9ggel tartozik, az ebb\u0151l ered\u0151 k\u00e1resem\u00e9nyek \u00e9s k\u00f6lts\u00e9gek kiz\u00e1r\u00f3lag Megrendel\u0151t terhelik. A megrendel\u00e9s eset\u00e9n Sz\u00e1ll\u00edt\u00f3 fenntartja mag\u00e1nak a jogot az \u00e1ru\u00e9rt\u00e9k \u00e1ltalunk meghat\u00e1rozott %-nak (ak\u00e1r 100%) el\u0151leg c\u00edm\u00e9n t\u00f6rt\u00e9n\u0151 bek\u00e9r\u00e9s\u00e9re. Egyedi, nem rakt\u00e1ron tartott term\u00e9kek megrendel\u00e9se eset\u00e9n Megrendel\u0151 csak Sz\u00e1ll\u00edt\u00f3 j\u00f3v\u00e1hagy\u00e1s\u00e1val m\u00f3dos\u00edthatja, t\u00f6r\u00f6lheti a megrendel\u00e9st. Ha erre Sz\u00e1ll\u00edt\u00f3nak nincs m\u00f3dja, akkor Megrendel\u0151 \u00e1ltal fizetett el\u0151leg csak a megrendel\u00e9sben le\u00edrt term\u00e9k v\u00e9tel\u00e1r\u00e1ba sz\u00e1m\u00edthat\u00f3 be. Amennyiben Megrendel\u0151 az el\u0151leget megfizeti, de a megrendelt term\u00e9ket Sz\u00e1ll\u00edt\u00f3 \u00e9rtes\u00edt\u00e9s\u00e9t\u0151l sz\u00e1m\u00edtott 8 napon bel\u00fcl nem sz\u00e1ll\u00edtja el Sz\u00e1ll\u00edt\u00f3 telephely\u00e9r\u0151l, abban az esetben Sz\u00e1ll\u00edt\u00f3 nem k\u00f6telezhet\u0151 az el\u0151leg\u00a0visszafizet\u00e9s\u00e9re. Ebben az esetben a felek a megfizetett el\u0151leget meghi\u00fasul\u00e1si k\u00f6tb\u00e9rnek tekintik, ami Sz\u00e1ll\u00edt\u00f3t illeti.<\/span><\/p>\n<p><span style=\"font-weight: 400;\">Megrendel\u0151 a megrendel\u00e9s\u00e9t a k\u00e9rt sz\u00e1ll\u00edt\u00e1si hat\u00e1rid\u0151 el\u0151tt legal\u00e1bb 3 munkanappal kor\u00e1bban \u00edr\u00e1sban (faxon, e-mailen, vagy szem\u00e9lyesen) extr\u00e9m esetben telefonon<\/span><span style=\"font-weight: 400;\">\u00a0<\/span><span style=\"font-weight: 400;\">k\u00f6teles Sz\u00e1ll\u00edt\u00f3hoz eljuttatni, azon megjel\u00f6lve a megrendelt \u00e1ru fajt\u00e1j\u00e1t, mennyis\u00e9g\u00e9t \u00e9s min\u0151s\u00e9g\u00e9t.<\/span><span style=\"font-weight: 400;\">\u00a0<\/span><span style=\"font-weight: 400;\">Az \u00edgy keletkez\u0151 t\u00f6bbletk\u00f6lts\u00e9get (pld oda-vissza sz\u00e1ll\u00edt\u00e1s, rakod\u00e1s) Sz\u00e1ll\u00edt\u00f3 kisz\u00e1ml\u00e1zza Megrendel\u0151nek, akinek ezt a t\u00f6bbletk\u00f6lts\u00e9get meg kell t\u00e9r\u00edtenie. A megrendel\u00e9s hi\u00e1nyos, t\u00e9ves vagy pontatlan megad\u00e1s\u00e1\u00e9rt a felel\u0151ss\u00e9g Megrendel\u0151t terheli. Amennyiben a megrendel\u00e9s nem egyez\u0151 a kiadott \u00e1raj\u00e1nlattal, abban az esetben Sz\u00e1ll\u00edt\u00f3nak joga van m\u00e9rlegelni a megrendel\u00e9s befogad\u00e1s\u00e1t. vit\u00e1ikat lehet\u0151s\u00e9g szerint peren k\u00edv\u00fcl, t\u00e1rgyal\u00e1s \u00fatj\u00e1n rendezik \u00e9s ebben k\u00f6lcs\u00f6n\u00f6sen ig\u00e9nybe vehetnek harmadik k\u00f6zvet\u00edt\u0151 felet.<\/span><\/p>\n<p><span style=\"font-weight: 400;\">FIZET\u00c9SI FELT\u00c9TELEK<\/span><\/p>\n<p><span style=\"font-weight: 400;\">Sz\u00e1ll\u00edt\u00f3 minden egyes esetben a t\u00e9nylegesen berakodott \u00e1ru ellen\u00e9rt\u00e9k\u00e9t sz\u00e1ml\u00e1zza ki. Sz\u00e1ll\u00edt\u00f3 \u2013 abban az esetben, amikor Megrendel\u0151 az \u00e1ru egyen\u00e9rt\u00e9k\u00e9t nem az \u00e1ru \u00e1tv\u00e9telekor k\u00e9szp\u00e9nzben egyenl\u00edti ki \u2013 az \u00e1ltala ki\u00e1ll\u00edtott pap\u00edr alap\u00fa sz\u00e1ml\u00e1t postai k\u00fcldem\u00e9ny form\u00e1j\u00e1ban k\u00fcldi meg Megrendel\u0151 r\u00e9sz\u00e9re. Amennyiben Sz\u00e1ll\u00edt\u00f3 a sz\u00e1ml\u00e1t postai \u00faton k\u00fcldi meg, a sz\u00e1mla k\u00e9zbes\u00edt\u00e9s\u00e9nek napja a felad\u00e1st\u00f3l sz\u00e1m\u00edtott 5. munkanap. Sz\u00e1ll\u00edt\u00f3 nem k\u00f6teles a sz\u00e1ml\u00e1j\u00e1t aj\u00e1nlottan vagy t\u00e9rtivev\u00e9nnyel post\u00e1ra adni. Az elk\u00fcld\u00e9st megt\u00f6rt\u00e9ntnek kell tekinteni, ha az elk\u00fcld\u00e9st Sz\u00e1ll\u00edt\u00f3 e c\u00e9lb\u00f3l vezetett nyilv\u00e1ntart\u00e1sa igazolja. A k\u00e9zbes\u00edt\u00e9ssel a k\u00e9sedelem jogk\u00f6vetkezm\u00e9nyei be\u00e1llnak. Sz\u00e1ll\u00edt\u00f3 Megrendel\u0151nek kik\u00fcld\u00f6tt sz\u00e1ml\u00e1val kapcsolatos mindennem\u0171 reklam\u00e1ci\u00f3j\u00e1t kiz\u00e1r\u00f3lag a sz\u00e1mla k\u00e9zhezv\u00e9tel\u00e9t\u0151l sz\u00e1m\u00edtott 8 napon bel\u00fcl \u00edr\u00e1sban fogad el, a jogveszt\u00e9s terhe mellett.\u00a0<\/span><\/p>\n<p><span style=\"font-weight: 400;\">Amennyiben a fenti id\u0151n bel\u00fcl reklam\u00e1ci\u00f3 nem \u00e9rkezik, \u00fagy Sz\u00e1ll\u00edt\u00f3 a sz\u00e1ml\u00e1ban foglalt \u00f6sszeget Megrendel\u0151 \u00e1ltal elismert, nem vitatott k\u00f6vetel\u00e9sk\u00e9nt tartja nyilv\u00e1n. A banki p\u00e9nzforgalom a kibocs\u00e1tott sz\u00e1ml\u00e1n felt\u00fcntetett banksz\u00e1mlasz\u00e1mon t\u00f6rt\u00e9nik. A sz\u00e1mla teljes\u00fcl\u00e9si id\u0151pontj\u00e1nak a banki j\u00f3v\u00e1\u00edr\u00e1s napja min\u0151s\u00fcl. Sz\u00e1ll\u00edt\u00f3 a v\u00e9tel\u00e1rat a hat\u00e1lyos sz\u00e1mviteli \u00e9s ad\u00f3 jogszab\u00e1lyoknak megfelel\u0151en sz\u00e1ml\u00e1zza.<\/span><\/p>\n<p><span style=\"font-weight: 400;\">\u00a0Megrendel\u0151 a v\u00e9tel\u00e1rat a sz\u00e1ml\u00e1n szerepl\u0151 hat\u00e1rid\u0151ben k\u00f6teles \u00e1tutalni Sz\u00e1ll\u00edt\u00f3 banksz\u00e1ml\u00e1j\u00e1ra. Sz\u00e1ll\u00edt\u00f3 \u00e9s Megrendel\u0151 hosszabb fizet\u00e9si hat\u00e1rid\u0151ben is meg\u00e1llapodhatnak, ebben az esetben Sz\u00e1ll\u00edt\u00f3 az \u00e1ltala ki\u00e1ll\u00edtott sz\u00e1ml\u00e1n hat\u00e1rozza meg a teljes\u00edt\u00e9si id\u0151pontot., fizet\u00e9si hat\u00e1rid\u0151t. Ha Megrendel\u0151 b\u00e1rmely sz\u00e1mla fizet\u00e9s\u00e9vel k\u00e9sedelembe esik, valamennyi sz\u00e1ml\u00e1ja esed\u00e9kess\u00e9 v\u00e1lik.\u00a0Megrendel\u0151 kiz\u00e1r\u00f3lag joger\u0151s b\u00edr\u00f3s\u00e1gi \u00edt\u00e9let alapj\u00e1n jogosult b\u00e1rmilyen k\u00f6vetel\u00e9s\u00e9t a sz\u00e1mla ellen\u00e9ben besz\u00e1m\u00edtani. K\u00e9sedelmes sz\u00e1mlakifizet\u00e9s eset\u00e9n az Elad\u00f3 a Ptk. 6:155. \u00a7 (1) bek. szerinti k\u00e9sedelmi kamatra jogosult, tov\u00e1bb\u00e1 Vev\u0151 k\u00f6teles megt\u00e9r\u00edteni Elad\u00f3 r\u00e9sz\u00e9re az ig\u00e9ny \u00e9rv\u00e9nyes\u00edt\u00e9ssel kapcsolatban felmer\u00fcl\u0151 adminisztr\u00e1ci\u00f3s, \u00fcgyv\u00e9di \u00e9s egy\u00e9b kapcsol\u00f3d\u00f3 k\u00f6lts\u00e9geket is, sz\u00e1ml\u00e1nk\u00e9nt legal\u00e1bb\u00a0negyven eur\u00f3nak megfelel\u0151, a Magyar Nemzeti Bank \u2013 k\u00e9sedelem kezd\u0151napj\u00e1n \u00e9rv\u00e9nyes \u2013 hivatalos deviza-k\u00f6z\u00e9p\u00e1rfolyama alapj\u00e1n meghat\u00e1rozott forint\u00f6sszeget a 2016. \u00e9vi IX. t\u00f6rv\u00e9ny 3. \u00a7 alapj\u00e1n.<\/span><\/p>\n<p><span style=\"font-weight: 400;\">A Sz\u00e1ll\u00edt\u00e1si Szerz\u0151d\u00e9sben foglaltak szerint Sz\u00e1ll\u00edt\u00f3 Megrendel\u0151 r\u00e9sz\u00e9re hitelkeretet biztos\u00edthat, az abban megjel\u00f6lt felt\u00e9telekkel. A hitelkeret a megrendelt term\u00e9kek brutt\u00f3 \u00e9rt\u00e9ke. Ha Megrendel\u0151nek hat\u00e1rid\u0151n t\u00fali sz\u00e1mlatartoz\u00e1sa van, annak k\u00e9sedelmi kamatokkal egy\u00fctt t\u00f6rt\u00e9n\u0151 kiegyenl\u00edt\u00e9s\u00e9ig Sz\u00e1ll\u00edt\u00f3 szabad hitelkeret eset\u00e9n is jogosult a megrendel\u00e9st a szerz\u0151d\u00e9sszeg\u00e9s jogk\u00f6vetkezm\u00e9nyei n\u00e9lk\u00fcl visszautas\u00edtani \u00e9s a hitelkeretet felf\u00fcggeszteni. Amennyiben sz\u00e1ll\u00edt\u00f3i, vagy b\u00e1rmely egy\u00e9b inform\u00e1ci\u00f3s forr\u00e1sb\u00f3l Sz\u00e1ll\u00edt\u00f3 tudom\u00e1s\u00e1ra jut, hogy Megrendel\u0151 fizet\u0151k\u00e9pess\u00e9ge vagy fizet\u0151k\u00e9szs\u00e9ge megv\u00e1ltozott, bizonytalan, Sz\u00e1ll\u00edt\u00f3 jogosult fizet\u00e9si biztos\u00edt\u00e9kot k\u00e9rni.<\/span><\/p>\n<p><span style=\"font-weight: 400;\">A fizet\u00e9si biztos\u00edt\u00e9k m\u00f3dj\u00e1nak \u00e9s eszk\u00f6z\u00e9nek megv\u00e1laszt\u00e1si joga Sz\u00e1ll\u00edt\u00f3t illeti meg. Megrendel\u0151 k\u00f6telezetts\u00e9get v\u00e1llal, hogy amennyiben ellene felsz\u00e1mol\u00e1si k\u00e9relmet ny\u00fajtanak be, vagy b\u00e1rmilyen indokb\u00f3l v\u00e9grehajt\u00e1si elj\u00e1r\u00e1st kezdem\u00e9nyeznek ellene, halad\u00e9ktalanul \u00e9rtes\u00edti Sz\u00e1ll\u00edt\u00f3t. Amennyiben Megrendel\u0151 e k\u00f6telezetts\u00e9geknek nem tesz eleget, \u00fagy Sz\u00e1ll\u00edt\u00f3 jogosult a szerz\u0151d\u00e9st azonnali hat\u00e1llyal felmondani. Az ebb\u0151l sz\u00e1rmaz\u00f3 k\u00e1rt Sz\u00e1ll\u00edt\u00f3 jogosult \u00e9rv\u00e9nyes\u00edteni Megrendel\u0151vel szemben. Megrendel\u0151 30 napot meghalad\u00f3 fizet\u00e9si k\u00e9sedelme eset\u00e9n, a Megrendel\u0151 saj\u00e1t k\u00f6lts\u00e9g\u00e9n k\u00f6teles \u2013 Sz\u00e1ll\u00edt\u00f3 v\u00e1laszt\u00e1sa szerint \u2013 a tartoz\u00e1sa kifizet\u00e9s\u00e9re k\u00f6zjegyz\u0151i okiratba foglalt k\u00f6telezetts\u00e9g v\u00e1llal\u00e1st tenni, vagy bankgarant\u00e1lt v\u00e1lt\u00f3t ki\u00e1ll\u00edtani, tov\u00e1bb\u00e1 Megrendel\u0151 k\u00fcl\u00f6n\u00f6sen k\u00f6teles Sz\u00e1ll\u00edt\u00f3 k\u00e9r\u00e9s\u00e9re, Sz\u00e1ll\u00edt\u00f3ra engedm\u00e9nyezni (megrendel\u0151i k\u00e9szfizet\u0151 kezess\u00e9gv\u00e1llal\u00e1s mellett) a ki nem fizetett \u00e1rukkal \u00e9rintett azon k\u00f6vetel\u00e9seit, melyek a ki nem fizetett \u00e1ruk vonatkoz\u00e1s\u00e1ban illetn\u00e9k meg Megrendel\u0151t.<\/span><\/p>\n<p><span style=\"font-weight: 400;\">TELJES\u00cdT\u00c9S<\/span><\/p>\n<p><span style=\"font-weight: 400;\">\u201cVis Major\u201d \u00e9s egy\u00e9b elh\u00e1r\u00edthatatlan k\u00f6r\u00fclm\u00e9ny (term\u00e9szeti katasztr\u00f3fa, h\u00e1bor\u00fa, sztr\u00e1jk stb.) \u00e1ltal okozott akad\u00e1lyoztat\u00e1s eset\u00e9n Sz\u00e1ll\u00edt\u00f3 jogosult a sz\u00e1ll\u00edt\u00e1si hat\u00e1rid\u0151ket r\u00e9szben megn\u00f6velni, vagy a szerz\u0151d\u00e9st\u0151l r\u00e9szben, vagy eg\u00e9szben visszal\u00e9pni a szerz\u0151d\u00e9sszeg\u00e9s k\u00f6vetkezm\u00e9nyei n\u00e9lk\u00fcl.<\/span><\/p>\n<p><span style=\"font-weight: 400;\">A megrendel\u00e9s teljes\u00edt\u00e9se a gy\u00e1rt\u00f3k gy\u00e1regys\u00e9g kapacit\u00e1s\u00e1nak f\u00fcggv\u00e9nye. Sz\u00e1ll\u00edt\u00f3 nem v\u00e1llal felel\u0151ss\u00e9get az el\u0151sz\u00e1ll\u00edt\u00f3 gy\u00e1r kapacit\u00e1shi\u00e1ny\u00e1b\u00f3l (pl. termel\u00e9s le\u00e1ll\u00edt\u00e1sa miatt) sz\u00e1rmaz\u00f3 k\u00e9sedelmes teljes\u00edt\u00e9s miatt. Az ezen okb\u00f3l bek\u00f6vetkezett sz\u00e1ll\u00edt\u00e1si k\u00e9sedelem miatti esetleges k\u00f6tb\u00e9rig\u00e9ny\u00e9r\u0151l Megrendel\u0151 visszavonhatatlanul lemond.<\/span><\/p>\n<p><span style=\"font-weight: 400;\">A sz\u00e1ll\u00edt\u00e1si hat\u00e1rid\u0151 teljes\u00edtettnek tekinthet\u0151, amennyiben a megrendelt \u00e1ru k\u00e9szre van jelentve. Ezen rendelkez\u00e9s sz\u00e1ll\u00edt\u00f3i sz\u00e1ll\u00edt\u00e1s eset\u00e9n is ir\u00e1nyad\u00f3.<\/span><\/p>\n<p><span style=\"font-weight: 400;\">El\u0151sz\u00e1ll\u00edt\u00e1s, r\u00e9szsz\u00e1ll\u00edt\u00e1s, illetve r\u00e9szteljes\u00edt\u00e9s megengedett.\u00a0 Megrendel\u0151 a k\u00e9szre jelent\u00e9st k\u00f6vet\u0151en k\u00f6teles az \u00e1rut \u00e1tvenni. Amennyiben Megrendel\u0151 felhaszn\u00e1l\u00e1si vagy t\u00e1rol\u00e1si lehet\u0151s\u00e9g hi\u00e1ny\u00e1ban az \u00e1rut \u00e1tvenni nem tudja, \u00fagy azt t\u00e1rol\u00e1si d\u00edj ellen\u00e9ben elsz\u00e1ll\u00edt\u00e1sig\u00a0<\/span><b>Sz\u00e1ll\u00edt\u00f3<\/b><span style=\"font-weight: 400;\">\u00a0rakt\u00e1rozza, ugyanakkor a t\u00e1rol\u00e1s megkezd\u00e9sekor t\u00e1rol\u00e1si nyilatkozat kiad\u00e1s\u00e1val jogosult az \u00e1ru lesz\u00e1ml\u00e1z\u00e1s\u00e1ra. T\u00e1rol\u00e1si d\u00edj az \u00e1ru \u00e9rt\u00e9k\u00e9nek 0,5%-a. Megrendel\u0151 a t\u00e1rol\u00e1si nyilatkozatban foglaltaknak megfelel\u0151en k\u00f6teles a sz\u00e1ml\u00e1k ellen\u00e9rt\u00e9k\u00e9t megfizetni.\u00a0<\/span><\/p>\n<p><span style=\"font-weight: 400;\">Amennyiben Megrendel\u0151 a k\u00e9szre jelent\u00e9st k\u00f6vet\u0151 1 h\u00f3napon bel\u00fcl nem gondoskodik az \u00e1ru<\/span><span style=\"font-weight: 400;\">\u00a0<\/span><span style=\"font-weight: 400;\">elsz\u00e1ll\u00edt\u00e1s\u00e1r\u00f3l, vagy nem k\u00e9r tov\u00e1bbi hat\u00e1rid\u0151t az \u00e1ru<\/span><span style=\"font-weight: 400;\">\u00a0<\/span><span style=\"font-weight: 400;\">elsz\u00e1ll\u00edt\u00e1s\u00e1ra, vagy nem fizeti meg marad\u00e9ktalanul az el nem sz\u00e1ll\u00edtott \u00e1ruk ellen\u00e9rt\u00e9k\u00e9t, Sz\u00e1ll\u00edt\u00f3 k\u00fcl\u00f6n \u00e9rtes\u00edt\u00e9s n\u00e9lk\u00fcl jogosult a k\u00e9szre jelentett, Megrendel\u0151 \u00e1ltal \u00e1t nem vett term\u00e9kekre a rendel\u00e9si \u00e9rt\u00e9k 50 %-\u00e1nak megfelel\u0151 storn\u00f3 (meghi\u00fasul\u00e1si k\u00f6tb\u00e9rt) k\u00f6lts\u00e9get felsz\u00e1m\u00edtani \u00e9s az \u00e1t nem vett \u00e1rut harmadik szem\u00e9lynek \u00e9rt\u00e9kes\u00edteni. Sz\u00e1ll\u00edt\u00f3 3\u00a0 h\u00f3napon t\u00fal nem v\u00e1llalja az \u00e1ru \u0151rz\u00e9s\u00e9t \u00e9s t\u00e1rol\u00e1s\u00e1t.<\/span><\/p>\n<p><span style=\"font-weight: 400;\">\u00a0Megrendel\u0151 a term\u00e9k \u00e1tv\u00e9telekor k\u00f6teles a mennyis\u00e9gi \u00e9s a min\u0151s\u00e9gi vizsg\u00e1latot elv\u00e9gezni. Az \u00e9szlelt mennyis\u00e9gi illetve min\u0151s\u00e9gi hib\u00e1r\u00f3l a helysz\u00ednen jegyz\u0151k\u00f6nyvet kell felvenni. A jegyz\u0151k\u00f6nyvnek tartalmaznia kell a mennyis\u00e9gi, illetve min\u0151s\u00e9gi hiba l\u00e9nyeg\u00e9t, az \u00e9szrev\u00e9tel m\u00f3dj\u00e1t, idej\u00e9t. A jegyz\u0151k\u00f6nyvet Megrendel\u0151, Sz\u00e1ll\u00edt\u00f3 k\u00e9pvisel\u0151j\u00e9nek, illetve a fuvaroz\u00f3nak is al\u00e1\u00edr\u00e1s\u00e1val hiteles\u00edtenie kell.\u00a0 Sz\u00e1ll\u00edt\u00f3 nem v\u00e1llal felel\u0151ss\u00e9get azok\u00e9rt a szavatoss\u00e1gi hib\u00e1k\u00e9rt, amelyek a term\u00e9k \u00e1tv\u00e9telekor ellen\u0151rz\u00e9ssel meg\u00e1llap\u00edthat\u00f3k lettek volna, de a hiba felt\u00e1r\u00e1sa az ellen\u0151rz\u00e9s hi\u00e1nya miatt elmaradt, illetve a hib\u00e1t nem jelentett\u00e9k be halad\u00e9ktalanul Sz\u00e1ll\u00edt\u00f3nak. Sz\u00e1ll\u00edt\u00f3 a megrendel\u00e9s visszaigazol\u00e1s\u00e1ban megadott id\u0151pontban k\u00f6teles a term\u00e9ket \u00e1tadni. Sz\u00e1ll\u00edt\u00f3 a szakmai szok\u00e1soknak megfelel\u0151, belf\u00f6ldi k\u00f6z\u00fati sz\u00e1ll\u00edt\u00e1sra alkalmas m\u00f3don k\u00f6teles \u00e1tadni a term\u00e9ket.<\/span><\/p>\n<p><span style=\"font-weight: 400;\">SZ\u00c1LL\u00cdT\u00c1S<\/span><\/p>\n<p><span style=\"font-weight: 400;\">A Sz\u00e1ll\u00edt\u00f3 \u00e1ltal szervezett sz\u00e1ll\u00edt\u00e1sok t\u00f6bbs\u00e9g\u00e9ben \u00f6nrakod\u00f3s 18 m hossz\u00fa j\u00e1rm\u0171szerelv\u00e9nyekkel t\u00f6rt\u00e9nnek telephelyt\u0151l telekhat\u00e1rig, megfelel\u0151 \u00fatviszony eset\u00e9n. Megrendel\u00e9skor Megrendel\u0151 k\u00f6teles Sz\u00e1ll\u00edt\u00f3t pontosan t\u00e1j\u00e9koztatni az \u00fatviszonyokr\u00f3l \u00e9s a teljes\u00edt\u00e9s hely\u00e9hez vezet\u0151 optim\u00e1lis \u00fatvonalr\u00f3l. Nyilatkozni kell arr\u00f3l, hogy a sz\u00e1ll\u00edt\u00e1si c\u00edm ilyen m\u00e9ret\u0151 g\u00e9pj\u00e1rm\u0171vel id\u0151j\u00e1r\u00e1st\u00f3l f\u00fcggetlen\u00fcl biztons\u00e1gosan megk\u00f6zel\u00edthet\u0151. Ett\u0151l elt\u00e9r\u0151 esetekben p\u00f3tkocsi \u00e1tszed\u00e9st kell fizetni, mely a mindenkori \u00e1rlista alapj\u00e1n ker\u00fcl kisz\u00e1ml\u00e1z\u00e1sra. A t\u00e1j\u00e9koztat\u00e1s elmulaszt\u00e1s\u00e1b\u00f3l sz\u00e1rmaz\u00f3 t\u00f6bbletk\u00f6lts\u00e9get Megrendel\u0151 k\u00f6teles megfizetni Sz\u00e1ll\u00edt\u00f3nak, illetve az ebb\u0151l sz\u00e1rmaz\u00f3 k\u00e1r\u00e9rt felel\u0151s. A term\u00e9k sz\u00e1ll\u00edt\u00e1si d\u00edja a lerakod\u00e1s d\u00edj\u00e1t tartalmazza, esetleges \u00e9p\u00edtm\u00e9nyre t\u00f6rt\u00e9n\u0151 emel\u00e9s eset\u00e9n daruz\u00e1si d\u00edjat sz\u00e1molunk fel. Ha a sz\u00e1ll\u00edt\u00e1s sor\u00e1n az \u00e1ru lerak\u00e1sa az \u00e1ru\u00e1tvev\u0151 mulaszt\u00e1sa miatt elmarad, bele\u00e9rtve ebbe a lerakod\u00e1si hely lerak\u00e1sra val\u00f3 alkalmatlans\u00e1g\u00e1t is, Megrendel\u0151 k\u00f6teles az eredm\u00e9nytelen sz\u00e1ll\u00edt\u00e1s k\u00f6lts\u00e9geit megt\u00e9r\u00edteni.\u00a0 Megrendel\u0151nek felr\u00f3hat\u00f3 indokolatlan fuvareszk\u00f6z v\u00e1rakoztat\u00e1s\u00e1\u00e9rt fenntartja a jogot Sz\u00e1ll\u00edt\u00f3 az \u00e1ll\u00e1sid\u0151 d\u00edj\u00e1nak felsz\u00e1m\u00edt\u00e1s\u00e1ra. A behajt\u00e1si enged\u00e9lyhez k\u00f6t\u00f6tt fuvarok eset\u00e9n Megrendel\u0151 k\u00f6teless\u00e9ge annak beszerz\u00e9se.\u00a0<\/span><\/p>\n<ol>\n<li style=\"font-weight: 400;\" aria-level=\"1\"><span style=\"font-weight: 400;\">K\u00c1RVESZ\u00c9LY<\/span><\/li>\n<\/ol>\n<p><span style=\"font-weight: 400;\">Sz\u00e1ll\u00edt\u00f3 felel\u0151ss\u00e9gv\u00e1llal\u00e1sa, illetve kock\u00e1zatvisel\u00e9se az \u00e1ru, rakt\u00e1rb\u00f3l t\u00f6rt\u00e9n\u0151 kiad\u00e1s\u00e1ig terjed. Sz\u00e1ll\u00edt\u00e1ssal v\u00e1llalt \u00e9rt\u00e9kes\u00edt\u00e9s eset\u00e9n a Megrendel\u0151 k\u00f6teles z\u00e1rhat\u00f3 rakt\u00e1rr\u00f3l, valamint a r\u00e9szben vagy eg\u00e9szben be\u00e9p\u00edt\u00e9sre ker\u00fclt, de m\u00e9g \u00e1t nem adott \u00e1ruk felel\u0151s \u0151rz\u00e9s\u00e9r\u0151l gondoskodni.\u00a0 Megrendel\u0151 \u00e1ltal kijel\u00f6lt munkahelyen bek\u00f6vetkezett k\u00e1resem\u00e9nyek\u00e9rt Megrendel\u0151 felel. Megrendel\u0151 k\u00f6teles a t\u00e1rol\u00e1si helyre vagyonbiztos\u00edt\u00e1st k\u00f6tni. A biztos\u00edt\u00e1s hi\u00e1nya mellett bek\u00f6vetkezett lop\u00e1s \u00e9s b\u00e1rminem\u0171 k\u00e1r\u00e9rt az anyagi felel\u0151ss\u00e9g Megrendel\u0151t terheli.\u00a0<\/span><\/p>\n<ol>\n<li style=\"font-weight: 400;\" aria-level=\"1\"><span style=\"font-weight: 400;\">TULAJDONJOG FENNTART\u00c1SA<\/span><\/li>\n<\/ol>\n<p><span style=\"font-weight: 400;\">Elad\u00f3 a v\u00e9tel\u00e1r \u00e9s esetleges j\u00e1rul\u00e9kai teljes kiegyenl\u00edt\u00e9s\u00e9ig a term\u00e9kre vonatkoz\u00f3 tulajdonjog\u00e1t fenntartja. A tulajdonjog fenntart\u00e1ssal \u00e9rintett term\u00e9k feldolgoz\u00e1sa eset\u00e9n a v\u00e1laszt\u00e1s joga az Elad\u00f3t, mint tulajdonost illeti meg (Ptk. 5:65.\u00a7). Egyes\u00fcl\u00e9s \/vegy\u00fcl\u00e9s eset\u00e9n az Elad\u00f3nak r\u00e9sztulajdona keletkezik (Ptk. 5:66. \u00a7). A Vev\u0151 k\u00f6teles az Elad\u00f3ra engedm\u00e9nyezni a k\u00f6z\u00f6s tulajdon \u00e9rt\u00e9kes\u00edt\u00e9s\u00e9b\u0151l az Elad\u00f3 tulajdoni h\u00e1nyad\u00e1nak megfelel\u0151 \u00f6sszeget. Tilos a tulajdonjog fenntart\u00e1ssal \u00e9rintett term\u00e9ket m\u00e1s k\u00f6vetel\u00e9s\u00e9be besz\u00e1m\u00edtani, azt megterhelni, vagy fedezetk\u00e9nt b\u00e1rmilyen c\u00e9lra felaj\u00e1nlani.<\/span><\/p>\n<p><span style=\"font-weight: 400;\">Amennyiben a v\u00e9tel\u00e1r behajt\u00e1s\u00e1ra nincs lehet\u0151s\u00e9g, \u00fagy Sz\u00e1ll\u00edt\u00f3 jogosult az \u00e1ru visszasz\u00e1ll\u00edt\u00e1s\u00e1ra \u00e9s k\u00e1rt\u00e9r\u00edt\u00e9si ig\u00e9ny bejelent\u00e9s\u00e9re az \u00fcgylettel kapcsolatban felmer\u00fclt valamennyi k\u00f6lts\u00e9ge \u00e9s elmaradt haszna megt\u00e9r\u00edt\u00e9s\u00e9re. Megrendel\u0151 jelen szerz\u0151d\u00e9s l\u00e9trej\u00f6tt\u00e9vel beleegyez\u00e9s\u00e9t adja, hogy Sz\u00e1ll\u00edt\u00f3 Megrendel\u0151 telephely\u00e9re, sz\u00e9khely\u00e9re, egy\u00e9b sz\u00e1ll\u00edt\u00e1si helysz\u00edn\u00e9re a ki nem fizetett \u00e1ru visszasz\u00e1ll\u00edt\u00e1s\u00e1nak c\u00e9lj\u00e1b\u00f3l akad\u00e1lymentesen bejusson. Amennyiben Megrendel\u0151 ellen cs\u0151delj\u00e1r\u00e1s, felsz\u00e1mol\u00e1si elj\u00e1r\u00e1s vagy v\u00e9grehajt\u00e1si elj\u00e1r\u00e1s indul, Megrendel\u0151 t\u0171rni k\u00f6teles, hogy Sz\u00e1ll\u00edt\u00f3 a tulajdonjog fenntart\u00e1ssal \u00e9rintett term\u00e9keit visszasz\u00e1rmaztassa a fent r\u00f6gz\u00edtett m\u00f3don.<\/span><\/p>\n<p><span style=\"font-weight: 400;\">\u00a0Sz\u00e1ll\u00edt\u00f3 feny\u0151 f\u0171r\u00e9sz\u00e1ru kisz\u00e1ll\u00edt\u00e1sa eset\u00e9n reklam\u00e1ci\u00f3t csak a kisz\u00e1ll\u00edt\u00e1s megt\u00f6rt\u00e9nt\u00e9t k\u00f6vet\u0151 48 \u00f3r\u00e1n bel\u00fcl fogad el.<\/span><\/p>\n<p><span style=\"font-weight: 400;\">Sz\u00e1ll\u00edt\u00f3\u00a0\u2013 egyedi elb\u00edr\u00e1l\u00e1s ut\u00e1n, d\u00f6nt\u00e9s\u00e9t\u0151l f\u00fcgg\u0151en \u2013\u00a0csak a saj\u00e1t rakt\u00e1rk\u00e9szleten tartott, eredeti \u00e9s s\u00e9rtetlen csomagol\u00e1s\u00fa term\u00e9keket v\u00e1s\u00e1rol vissza Megrendel\u0151 t\u00e9ves megrendel\u00e9se eset\u00e9n. Visszav\u00e1s\u00e1rl\u00e1si \u00e1r az eredeti \u00e1r 85 %-a, ugyanis Sz\u00e1ll\u00edt\u00f3 15%-os feldolgoz\u00e1si d\u00edj levon\u00e1s\u00e1ra jogosult. Bontott csomagol\u00e1s\u00fa term\u00e9k eset\u00e9ben, ha \u00e9p a term\u00e9k, a visszav\u00e1s\u00e1rl\u00e1si \u00e1r az eredeti kisz\u00e1ml\u00e1zott \u00e1r 75%-a. Ebben az esetben Sz\u00e1ll\u00edt\u00f3 25%-os feldolgoz\u00e1si d\u00edj levon\u00e1s\u00e1ra jogosult.<\/span><\/p>\n<p><span style=\"font-weight: 400;\">Amennyiben Megrendel\u0151 kereskedelmi c\u00e9lb\u00f3l v\u00e1s\u00e1rolja meg Sz\u00e1ll\u00edt\u00f3 term\u00e9k\u00e9t, k\u00f6teles a tulajdonjog fenntart\u00e1s ideje alatt a term\u00e9k t\u00e1rol\u00e1s\u00e1r\u00f3l oly m\u00f3don gondoskodni, hogy azt min\u0151s\u00e9gk\u00e1rosod\u00e1s ne \u00e9rje. A tulajdonjog fenntart\u00e1s ideje alatt a term\u00e9k elveszt\u00e9s\u00e9\u00e9rt vagy megsemmis\u00fcl\u00e9s\u00e9\u00e9rt illetve az \u00e1llag\u00e1ban bek\u00f6vetkez\u0151 b\u00e1rmely k\u00e1r\u00e9rt Megrendel\u0151 k\u00e1rt\u00e9r\u00edt\u00e9si felel\u0151ss\u00e9ggel tartozik.\u00a0 Megrendel\u0151 Sz\u00e1ll\u00edt\u00f3 term\u00e9k\u00e9re k\u00f6teles vagyonbiztos\u00edt\u00e1st k\u00f6tni. Kereskedelmi c\u00e9l\u00fa v\u00e1s\u00e1rl\u00e1s eset\u00e9n a tulajdonjog fenntart\u00e1sa alatt Megrendel\u0151 a term\u00e9ket nem idegen\u00edtheti el \u00e9s nem terhelheti meg.<\/span><\/p>\n<p><span style=\"font-weight: 400;\">SZAVATOSS\u00c1G<\/span><\/p>\n<p><span style=\"font-weight: 400;\">Sz\u00e1ll\u00edt\u00f3 szavatoss\u00e1got v\u00e1llal az\u00e9rt, hogy az \u00e1tadott term\u00e9k a megrendel\u00e9sben meghat\u00e1rozott felt\u00e9teleknek megfelel \u00e9s tudom\u00e1sa szerint rejtett hib\u00e1ja nincs. Min\u0151s\u00e9gi reklam\u00e1ci\u00f3 eset\u00e9n Sz\u00e1ll\u00edt\u00f3 k\u00f6teles a reklam\u00e1ci\u00f3t 48 \u00f3r\u00e1n bel\u00fcl a gy\u00e1rt\u00f3 fel\u00e9 tov\u00e1bb\u00edtani. Ha Sz\u00e1ll\u00edt\u00f3 a teljes\u00edt\u00e9shez fuvaroz\u00f3t, illetve sz\u00e1ll\u00edtm\u00e1nyoz\u00f3t vesz ig\u00e9nybe annak tev\u00e9kenys\u00e9g\u00e9\u00e9rt \u2013 a kirakod\u00e1sig \u2013 \u00fagy felel, mintha maga j\u00e1rt volna el. Amennyiben Sz\u00e1ll\u00edt\u00f3 alkalmazottai (pld. a sof\u0151r) a lerak\u00e1skor, ill. berakt\u00e1roz\u00e1skor Megrendel\u0151nek seg\u00edts\u00e9get ny\u00fajt, akkor azt minden egyes esetben Megrendel\u0151 kock\u00e1zat\u00e1ra teszik, ami\u00e9rt az ebb\u0151l ered\u0151 k\u00e1rok\u00e9rt sz\u00e1ll\u00edt\u00f3 felel\u0151ss\u00e9get nem v\u00e1llal. Megrendel\u0151 felel minden olyan k\u00e1r\u00e9rt, amely a term\u00e9k \u00e1tad\u00e1s\u00e1t\u00f3l a v\u00e9tel\u00e1r teljes kifizet\u00e9s\u00e9ig a term\u00e9k \u00e1llag\u00e1ban bek\u00f6vetkezik. B\u00e1rmilyen k\u00e9ts\u00e9g, agg\u00e1ly eset\u00e9n, amely a\u00a0term\u00e9k min\u0151s\u00e9g\u00e9re vonatkozik, Megrendel\u0151 k\u00f6teles megakad\u00e1lyozni a term\u00e9k be\u00e9p\u00edt\u00e9s\u00e9t, amennyiben ez nem t\u00f6rt\u00e9nik meg, mindennem\u0171 kock\u00e1zat \u00e9s felel\u0151ss\u00e9g Megrendel\u0151t terheli.<\/span><\/p>\n<p><span style=\"font-weight: 400;\">FOGYASZT\u00d3KRA VONATKOZ\u00d3 K\u00dcL\u00d6N\u00d6S RENDELKEZ\u00c9SEK<\/span><\/p>\n<p><span style=\"font-weight: 400;\">Amennyiben a vev\u0151 a Polg\u00e1ri T\u00f6rv\u00e9nyk\u00f6nyvben meghat\u00e1rozott fogyaszt\u00f3nak min\u0151s\u00fcl \u00e9s az \u00fcgyletre a 45\/2014. (II. 26.) Korm. rendelet hat\u00e1lya kiterjed, abban az esetben a jelen \u00c1SzF rendelkez\u00e9seit, a jelen IX. pont rendelkez\u00e9seire figyelemmel kell alkalmazni.<\/span><\/p>\n<p><span style=\"font-weight: 400;\">Az Elad\u00f3 az \u00e1ltala m\u0171k\u00f6dtetett weboldalain, illet\u0151leg vev\u0151i ig\u00e9ny eset\u00e9n az \u00e1raj\u00e1nlat\u00e1ban t\u00e1j\u00e9koztatja a fogyaszt\u00f3t (ide\u00e9rtve: weboldalra utal\u00f3 link megad\u00e1s\u00e1val) a szerz\u0151d\u00e9s szerinti \u00e1ru vagy szolg\u00e1ltat\u00e1s l\u00e9nyeges tulajdons\u00e1gair\u00f3l, az adathordoz\u00f3nak \u00e9s az \u00e1runak vagy szolg\u00e1ltat\u00e1snak megfelel\u0151 m\u00e9rt\u00e9kben; az Elad\u00f3 nev\u00e9r\u0151l, a sz\u00e9khely\u00e9nek \u00e9s \u00fczleti tev\u00e9kenys\u00e9ge hely\u00e9nek (amennyiben az a sz\u00e9khelyt\u0151l elt\u00e9r) postai c\u00edm\u00e9r\u0151l, \u00e9s a telefonsz\u00e1m\u00e1r\u00f3l, \u00e9s az elektronikus levelez\u00e9si c\u00edm\u00e9r\u0151l; a szerz\u0151d\u00e9s szerinti \u00e1ru\u00e9rt vagy szolg\u00e1ltat\u00e1s\u00e9rt j\u00e1r\u00f3 ellenszolg\u00e1ltat\u00e1s ad\u00f3val megn\u00f6velt teljes \u00f6sszeg\u00e9r\u0151l vagy &#8211; ha az \u00e1ru vagy szolg\u00e1ltat\u00e1s jelleg\u00e9b\u0151l ad\u00f3d\u00f3an az ellen\u00e9rt\u00e9ket nem lehet el\u0151re \u00e9szszer\u0171en kisz\u00e1m\u00edtani &#8211; annak sz\u00e1m\u00edt\u00e1si m\u00f3dj\u00e1r\u00f3l, valamint az ezen k\u00edv\u00fcl felmer\u00fcl\u0151 valamennyi k\u00f6lts\u00e9gr\u0151l (\u00edgy k\u00fcl\u00f6n\u00f6sen a fuvard\u00edjr\u00f3l \u00e9s a postak\u00f6lts\u00e9gr\u0151l), vagy, ha e k\u00f6lts\u00e9geket nem lehet \u00e9szszer\u0171en el\u0151re kisz\u00e1m\u00edtani, annak a t\u00e9nynek a felt\u00fcntet\u00e9s\u00e9r\u0151l, hogy tov\u00e1bbi k\u00f6lts\u00e9gek mer\u00fclhetnek fel; a teljes\u00edt\u00e9s felt\u00e9teleir\u0151l, k\u00fcl\u00f6n\u00f6sen a fizet\u00e9sr\u0151l, a fuvaroz\u00e1sr\u00f3l \u00e9s a teljes\u00edt\u00e9si hat\u00e1rid\u0151r\u0151l, valamint az elad\u00f3 panaszkezel\u00e9si m\u00f3dj\u00e1r\u00f3l; az \u00e1ruk megfelel\u0151s\u00e9g\u00e9nek szavatol\u00e1s\u00e1ra vonatkoz\u00f3 term\u00e9kszavatoss\u00e1gra, kell\u00e9kszavatoss\u00e1gra vonatkoz\u00f3 jogszab\u00e1lyi k\u00f6telezetts\u00e9g fenn\u00e1ll\u00e1s\u00e1r\u00f3l \u00e9s sz\u00fcks\u00e9g eset\u00e9n az \u00e9rt\u00e9kes\u00edt\u00e9s ut\u00e1ni szolg\u00e1ltat\u00e1sok \u00e9s a j\u00f3t\u00e1ll\u00e1s megl\u00e9t\u00e9r\u0151l \u00e9s felt\u00e9teleir\u0151l; hat\u00e1rozott id\u0151re sz\u00f3l\u00f3 szerz\u0151d\u00e9s eset\u00e9n a szerz\u0151d\u00e9s id\u0151tartam\u00e1r\u00f3l, hat\u00e1rozatlan id\u0151re sz\u00f3l\u00f3 szerz\u0151d\u00e9s eset\u00e9n a szerz\u0151d\u00e9s megsz\u00fcntet\u00e9s\u00e9nek felt\u00e9teleir\u0151l; a hat\u00e1rozott id\u0151re sz\u00f3l\u00f3 olyan szerz\u0151d\u00e9s eset\u00e9n, amely hat\u00e1rozatlan id\u0151tartam\u00fav\u00e1 alakulhat \u00e1t, az \u00e1talakul\u00e1s felt\u00e9teleir\u0151l, \u00e9s az \u00edgy hat\u00e1rozatlan id\u0151tartam\u00fav\u00e1 \u00e1talakult szerz\u0151d\u00e9s megsz\u00fcntet\u00e9s\u00e9nek felt\u00e9teleir\u0151l; digit\u00e1lis elemeket tartalmaz\u00f3 \u00e1ruk, digit\u00e1lis tartalom \u00e9s digit\u00e1lis szolg\u00e1ltat\u00e1s m\u0171k\u00f6d\u00e9s\u00e9r\u0151l, valamint az alkalmazand\u00f3 m\u0171szaki v\u00e9delmi int\u00e9zked\u00e9sr\u0151l; digit\u00e1lis elemeket tartalmaz\u00f3 \u00e1ru, digit\u00e1lis tartalom \u00e9s digit\u00e1lis szolg\u00e1ltat\u00e1s b\u00e1rmilyen vonatkoz\u00f3 kompatibilit\u00e1s\u00e1r\u00f3l \u00e9s interoperabilit\u00e1s\u00e1r\u00f3l az Elad\u00f3t\u00f3l \u00e9szszer\u0171en elv\u00e1rhat\u00f3 ismereteknek megfelel\u0151en; a b\u00e9k\u00e9ltet\u0151 test\u00fclethez fordul\u00e1s lehet\u0151s\u00e9g\u00e9r\u0151l, az Elad\u00f3 sz\u00e9khelye szerint illet\u00e9kes b\u00e9k\u00e9ltet\u0151 test\u00fclet nev\u00e9r\u0151l \u00e9s sz\u00e9khely\u00e9nek postai c\u00edm\u00e9r\u0151l. Az Elad\u00f3t nem terheli az el\u0151bbiekben meghat\u00e1rozott t\u00e1j\u00e9koztat\u00e1si k\u00f6telezetts\u00e9g azon inform\u00e1ci\u00f3k vonatkoz\u00e1s\u00e1ban, amelyek a k\u00f6r\u00fclm\u00e9nyek alapj\u00e1n nyilv\u00e1nval\u00f3ak.<\/span><\/p>\n<p><span style=\"font-weight: 400;\">Az Elad\u00f3 az \u00e1ltala m\u0171k\u00f6dtetett weboldalain, illet\u0151leg vev\u0151i ig\u00e9ny eset\u00e9n az \u00e1raj\u00e1nlat\u00e1ban t\u00e1j\u00e9koztatja a fogyaszt\u00f3t (ide\u00e9rtve: weboldalra utal\u00f3 link megad\u00e1s\u00e1val) tov\u00e1bb\u00e1 a szerz\u0151d\u00e9s megk\u00f6t\u00e9s\u00e9hez alkalmazott, t\u00e1voll\u00e9v\u0151k k\u00f6z\u00f6tti kommunik\u00e1ci\u00f3t lehet\u0151v\u00e9 t\u00e9v\u0151 eszk\u00f6z haszn\u00e1lat\u00e1nak d\u00edj\u00e1r\u00f3l, ha azzal \u00f6sszef\u00fcgg\u00e9sben az elektronikus h\u00edrk\u00f6zl\u00e9si szolg\u00e1ltat\u00f3 \u00e1ltal a h\u00edv\u00f3 f\u00e9l sz\u00e1m\u00e1ra az el\u0151fizet\u0151i szerz\u0151d\u00e9sben meghat\u00e1rozott d\u00edjon fel\u00fcl tov\u00e1bbi d\u00edj terheli a fogyaszt\u00f3t, vagy a telefonh\u00edv\u00e1s, \u00fczenetk\u00fcld\u00e9s emelt d\u00edjas szolg\u00e1ltat\u00e1s ig\u00e9nybev\u00e9tel\u00e9vel j\u00e1r; a fogyaszt\u00f3t megillet\u0151 a 45\/2014. (II. 26.) Korm. rendelet 20. \u00a7 szerinti jog gyakorl\u00e1s\u00e1nak hat\u00e1rid\u0151j\u00e9r\u0151l \u00e9s egy\u00e9b felt\u00e9teleir\u0151l (k\u00fcl\u00f6n\u00f6sen a 45\/2014. (II. 26.) Korm. rendelet 22. \u00a7-ban foglaltakr\u00f3l), valamint a 45\/2014. (II. 26.) Korm. rendelet 2. mell\u00e9klet szerinti nyilatkozat-mint\u00e1r\u00f3l; az \u00e9rt\u00e9kes\u00edt\u00e9s ut\u00e1ni \u00fcgyf\u00e9lszolg\u00e1lati \u00e9s egy\u00e9b szolg\u00e1ltat\u00e1sok, valamint a j\u00f3t\u00e1ll\u00e1s fenn\u00e1ll\u00e1s\u00e1r\u00f3l \u00e9s annak felt\u00e9teleir\u0151l; amennyiben rendelkez\u00e9sre \u00e1ll, akkor arr\u00f3l, hogy rendelkez\u00e9sre \u00e1ll a fogyaszt\u00f3kkal szembeni tisztess\u00e9gtelen kereskedelmi gyakorlat tilalm\u00e1r\u00f3l sz\u00f3l\u00f3 t\u00f6rv\u00e9ny szerinti magatart\u00e1si k\u00f3dex, illetve a magatart\u00e1si k\u00f3dexr\u0151l t\u00f6rt\u00e9n\u0151 m\u00e1solatk\u00e9r\u00e9s m\u00f3dj\u00e1r\u00f3l; ha a szerz\u0151d\u00e9s szerinti \u00e1ru\u00e9rt vagy szolg\u00e1ltat\u00e1s\u00e9rt j\u00e1r\u00f3 ellenszolg\u00e1ltat\u00e1s automatiz\u00e1lt d\u00f6nt\u00e9shozatal alapj\u00e1n a fogyaszt\u00f3 szem\u00e9ly\u00e9re szabott; a fogyaszt\u00f3 k\u00f6telezetts\u00e9geinek szerz\u0151d\u00e9s szerinti legr\u00f6videbb id\u0151tartam\u00e1r\u00f3l; a fogyaszt\u00f3 \u00e1ltal az Elad\u00f3 k\u00e9r\u00e9s\u00e9re fizetend\u0151 vagy biztos\u00edtand\u00f3 let\u00e9t vagy egy\u00e9b p\u00e9nz\u00fcgyi biztos\u00edt\u00e9k ny\u00fajt\u00e1s\u00e1r\u00f3l \u00e9s annak felt\u00e9teleir\u0151l;<\/span><\/p>\n<h6><span style=\"font-weight: 400;\">A fogyaszt\u00f3t megillet\u0151 el\u00e1ll\u00e1si \u00e9s felmond\u00e1si jog<\/span><\/h6>\n<p><span style=\"font-weight: 400;\">Az \u00fczlethelyis\u00e9gen k\u00edv\u00fcl k\u00f6t\u00f6tt \u00e9s a t\u00e1voll\u00e9v\u0151k k\u00f6z\u00f6tt k\u00f6t\u00f6tt szerz\u0151d\u00e9s eset\u00e9n a fogyaszt\u00f3t az al\u00e1bb meghat\u00e1rozott hat\u00e1rid\u0151n bel\u00fcl az al\u00e1bb meghat\u00e1rozott esetekben indokol\u00e1s n\u00e9lk\u00fcli el\u00e1ll\u00e1si jog illeti meg. Olyan \u00fczlethelyis\u00e9gen k\u00edv\u00fcl k\u00f6t\u00f6tt \u00e9s t\u00e1voll\u00e9v\u0151k k\u00f6z\u00f6tt k\u00f6t\u00f6tt szerz\u0151d\u00e9s eset\u00e9n, amely szolg\u00e1ltat\u00e1s ny\u00fajt\u00e1s\u00e1ra ir\u00e1nyul, ha a 45\/2014. (II. 26.) Korm. rendelet 13. \u00a7 vagy a 19. \u00a7 szerinti nyilatkozat megt\u00e9tel\u00e9t k\u00f6vet\u0151en a teljes\u00edt\u00e9s megkezd\u0151dik, a fogyaszt\u00f3t az al\u00e1bb meghat\u00e1rozott hat\u00e1rid\u0151n bel\u00fcl indokol\u00e1s n\u00e9lk\u00fcli felmond\u00e1si jog illeti meg.<\/span><\/p>\n<p><span style=\"font-weight: 400;\">A fogyaszt\u00f3 a fentiek szerinti el\u00e1ll\u00e1si vagy felmond\u00e1si jog\u00e1t<\/span><\/p>\n<ol>\n<li><span style=\"font-weight: 400;\">a) \u00e1ru ad\u00e1sv\u00e9tel\u00e9re ir\u00e1nyul\u00f3 szerz\u0151d\u00e9s eset\u00e9n<\/span><\/li>\n<li><span style=\"font-weight: 400;\">aa) az \u00e1runak,<\/span><\/li>\n<li><span style=\"font-weight: 400;\">ab) t\u00f6bb \u00e1ru ad\u00e1sv\u00e9telekor, ha az egyes \u00e1ruk szolg\u00e1ltat\u00e1sa elt\u00e9r\u0151 id\u0151pontban t\u00f6rt\u00e9nik, az utolj\u00e1ra szolg\u00e1ltatott \u00e1runak,<\/span><\/li>\n<li><span style=\"font-weight: 400;\">ac) t\u00f6bb t\u00e9telb\u0151l vagy darabb\u00f3l \u00e1ll\u00f3 \u00e1ru eset\u00e9n az utolj\u00e1ra szolg\u00e1ltatott t\u00e9telnek vagy darabnak,<\/span><\/li>\n<li><span style=\"font-weight: 400;\">ad) ha az \u00e1rut meghat\u00e1rozott id\u0151szakon bel\u00fcl rendszeresen kell szolg\u00e1ltatni, az els\u0151 szolg\u00e1ltat\u00e1snak,<\/span><\/li>\n<\/ol>\n<p><span style=\"font-weight: 400;\">a fogyaszt\u00f3 vagy az \u00e1ltala megjel\u00f6lt, a fuvaroz\u00f3t\u00f3l elt\u00e9r\u0151 harmadik szem\u00e9ly \u00e1ltali \u00e1tv\u00e9tel\u00e9nek napj\u00e1t\u00f3l;<\/span><\/p>\n<ol>\n<li><span style=\"font-weight: 400;\">b) szolg\u00e1ltat\u00e1s ny\u00fajt\u00e1s\u00e1ra ir\u00e1nyul\u00f3 szerz\u0151d\u00e9s eset\u00e9ben a szerz\u0151d\u00e9s megk\u00f6t\u00e9s\u00e9nek napj\u00e1t\u00f3l<\/span><\/li>\n<\/ol>\n<p><span style=\"font-weight: 400;\">sz\u00e1m\u00edtott tizenn\u00e9gy napon bel\u00fcl gyakorolhatja.<\/span><\/p>\n<p><span style=\"font-weight: 400;\">Az a) pontban foglaltak nem \u00e9rintik a fogyaszt\u00f3 azon jog\u00e1t, hogy a fent meghat\u00e1rozott el\u00e1ll\u00e1si jog\u00e1t a szerz\u0151d\u00e9s megk\u00f6t\u00e9s\u00e9nek napja \u00e9s az \u00e1ru \u00e1tv\u00e9tel\u00e9nek napja k\u00f6z\u00f6tti id\u0151szakban is gyakorolja.<\/span><\/p>\n<p><span style=\"font-weight: 400;\">Ha a szerz\u0151d\u00e9s megk\u00f6t\u00e9s\u00e9re a fogyaszt\u00f3 tett aj\u00e1nlatot, a fogyaszt\u00f3t a szerz\u0151d\u00e9s megk\u00f6t\u00e9se el\u0151tt megilleti az aj\u00e1nlat visszavon\u00e1s\u00e1nak joga, ami a szerz\u0151d\u00e9s megk\u00f6t\u00e9s\u00e9re kiterjed\u0151 aj\u00e1nlati k\u00f6t\u00f6tts\u00e9get megsz\u00fcnteti.<\/span><\/p>\n<p><span style=\"font-weight: 400;\">A fogyaszt\u00f3 a 45\/2014. (II. 26.) Korm. rendelet 20. \u00a7-ban biztos\u00edtott jog\u00e1t<\/span><\/p>\n<ol start=\"2014\">\n<li><span style=\"font-weight: 400;\">a) a 45\/2014. (II. 26.) Korm. rendelet 2. mell\u00e9kletben tal\u00e1lhat\u00f3 (Elad\u00f3 weboldal\u00e1r\u00f3l is let\u00f6lthet\u0151) nyilatkozat-minta felhaszn\u00e1l\u00e1s\u00e1val; vagy<\/span><\/li>\n<li><span style=\"font-weight: 400;\">b) az erre vonatkoz\u00f3 egy\u00e9rtelm\u0171 nyilatkozat \u00fatj\u00e1n<\/span><\/li>\n<\/ol>\n<p><span style=\"font-weight: 400;\">gyakorolhatja.<\/span><\/p>\n<p><span style=\"font-weight: 400;\">A 45\/2014. (II. 26.) Korm. rendelet 20. \u00a7-ban meghat\u00e1rozott jogot hat\u00e1rid\u0151ben \u00e9rv\u00e9nyes\u00edtettnek kell tekinteni, ha a fogyaszt\u00f3 nyilatkozat\u00e1t a 45\/2014. (II. 26.) Korm. rendelet 20. \u00a7 (2) bekezd\u00e9s\u00e9ben, illetve a 45\/2014. (II. 26.) Korm. rendelet 21. \u00a7-ban meghat\u00e1rozott hat\u00e1rid\u0151 lej\u00e1rta el\u0151tt elk\u00fcldi.<\/span><\/p>\n<p><span style=\"font-weight: 400;\">A fogyaszt\u00f3t terheli annak bizony\u00edt\u00e1sa, hogy a 45\/2014. (II. 26.) Korm. rendelet 20. \u00a7-ban meghat\u00e1rozott jogot 45\/2014. (II. 26.) Korm. rendelettel \u00f6sszhangban gyakorolta.<\/span><\/p>\n<p><span style=\"font-weight: 400;\">A 45\/2014. (II. 26.) Korm. rendelet 20. \u00a7 szerinti jog gyakorl\u00e1sa eset\u00e9n az \u00e1ru visszak\u00fcld\u00e9s\u00e9nek k\u00f6lts\u00e9g\u00e9t a fogyaszt\u00f3nak kell viselnie, az Elad\u00f3 nem v\u00e1llalja e k\u00f6lts\u00e9g visel\u00e9s\u00e9t, a t\u00e1voll\u00e9v\u0151k k\u00f6z\u00f6tt k\u00f6t\u00f6tt szerz\u0151d\u00e9s eset\u00e9ben &#8211; az \u00e1ru postai k\u00fcldem\u00e9nyk\u00e9nt nem k\u00fcldhet\u0151 vissza;<\/span><\/p>\n<p><span style=\"font-weight: 400;\">Ha a 45\/2014. (II. 26.) Korm. rendelet 13. \u00a7 vagy a 19. \u00a7 szerinti esetben a fogyaszt\u00f3 a teljes\u00edt\u00e9s megkezd\u00e9s\u00e9t k\u00f6vet\u0151en felmondja az \u00fczlethelyis\u00e9gen k\u00edv\u00fcl vagy t\u00e1voll\u00e9v\u0151k k\u00f6z\u00f6tt k\u00f6t\u00f6tt szerz\u0151d\u00e9st, k\u00f6teles a felmond\u00e1s Elad\u00f3val val\u00f3 k\u00f6zl\u00e9se id\u0151pontj\u00e1ig teljes\u00edtett szolg\u00e1ltat\u00e1ssal ar\u00e1nyos d\u00edjat az Elad\u00f3 sz\u00e1m\u00e1ra megfizetni. A fogyaszt\u00f3 \u00e1ltal ar\u00e1nyosan fizetend\u0151 \u00f6sszeget a szerz\u0151d\u00e9sben meg\u00e1llap\u00edtott ellenszolg\u00e1ltat\u00e1s ad\u00f3val n\u00f6velt teljes \u00f6sszege alapj\u00e1n kell meg\u00e1llap\u00edtani. Ha a fogyaszt\u00f3 bizony\u00edtja, hogy az ily m\u00f3don meg\u00e1llap\u00edtott teljes \u00f6sszeg t\u00falzottan magas, az ar\u00e1nyos \u00f6sszeget a szerz\u0151d\u00e9s megsz\u0171n\u00e9s\u00e9nek id\u0151pontj\u00e1ig teljes\u00edtett szolg\u00e1ltat\u00e1sok piaci \u00e9rt\u00e9ke alapj\u00e1n kell kisz\u00e1m\u00edtani.<\/span><\/p>\n<p><span style=\"font-weight: 400;\">Egyebekben a 45\/2014. (II. 26.) Korm. rendelet rendelkez\u00e9sei az ir\u00e1nyad\u00f3ak.<\/span><\/p>\n<p><span style=\"font-weight: 400;\">Az elad\u00f3 \u00e1ltal m\u0171k\u00f6dtetett weboldalak nem min\u0151s\u00fclnek web\u00e1ruh\u00e1znak. A weboldalak c\u00e9lja az elad\u00f3 term\u00e9keinek ismertet\u00e9se \u00e9s a vev\u0151i aj\u00e1nlatk\u00e9r\u00e9s megk\u00fcld\u00e9s\u00e9nek megk\u00f6nny\u00edt\u00e9se. A weboldalakon a vev\u0151k \u00e1raj\u00e1nlatot k\u00e9rhetnek elad\u00f3t\u00f3l, mely \u00e1raj\u00e1nlat k\u00e9r\u00e9s k\u00f6telezetts\u00e9gv\u00e1llal\u00e1s n\u00e9lk\u00fcli jognyilatkozat.<\/span><\/p>\n<ol>\n<li style=\"font-weight: 400;\" aria-level=\"1\"><span style=\"font-weight: 400;\">EGY\u00c9B JOGOK \u00c9S K\u00d6TELEZETTS\u00c9GEK<\/span><\/li>\n<\/ol>\n<p><span style=\"font-weight: 400;\">Felek r\u00f6gz\u00edtik, hogy Elad\u00f3 a l\u00e1tv\u00e1nytervez\u00e9skor megadott, kalkul\u00e1lt mennyis\u00e9gek\u00e9rt nem v\u00e1llal felel\u0151ss\u00e9get, tov\u00e1bb\u00e1 Elad\u00f3 az egy\u00e9b, tervek alapj\u00e1n kalkul\u00e1lt mennyis\u00e9gek\u00e9rt sem v\u00e1llal felel\u0151ss\u00e9get.\u00a0\u00a0<\/span><\/p>\n<p><span style=\"font-weight: 400;\">Sz\u00e1ll\u00edt\u00f3 nem k\u00f6teles Megrendel\u0151\u00a0\u00e1ltal rendelkez\u00e9sre bocs\u00e1tott g\u00f6ngy\u00f6leg, stb. alkalmass\u00e1g\u00e1t\u00a0\u2013 f\u0151k\u00e9nt tisztas\u00e1g\u00e1t \u2013 ellen\u0151rizni. Sz\u00e1ll\u00edt\u00f3 nem felel a hib\u00e1s, vagy egy\u00e9bk\u00e9nt nem elegend\u0151 g\u00f6ngy\u00f6leg k\u00f6vetkezt\u00e9ben keletkez\u0151 k\u00e1rok\u00e9rt vagy hi\u00e1nyok\u00e9rt. Amennyiben az \u00e1ru \u00e1tv\u00e9telekor a raklap min\u0151s\u00e9ge nem megfelel\u0151, azt a sz\u00e1ll\u00edt\u00f3lev\u00e9len jelezni kell.<\/span><span style=\"font-weight: 400;\">\u00a0<\/span><span style=\"font-weight: 400;\">\u00a0Sz\u00e1ll\u00edt\u00f3 az \u00e1ltala rendelkez\u00e9sre bocs\u00e1tott g\u00f6ngy\u00f6leg\u00e9rt (raklap, k\u00f6lcs\u00f6n g\u00f6ngy\u00f6leg, stb.), a mindenkor \u00e9rv\u00e9nyes bet\u00e9td\u00edjat \u00e9s haszn\u00e1lati d\u00edjat sz\u00e1m\u00edtja fel. Az ilyen g\u00f6ngy\u00f6leget Sz\u00e1ll\u00edt\u00f3 a sz\u00e1ml\u00e1z\u00e1st\u00f3l sz\u00e1m\u00edtott 6 h\u00f3napon bel\u00fcl, rendeltet\u00e9sszer\u0171 haszn\u00e1latra alkalmas \u00e1llapotban \u2013 egyedi elb\u00edr\u00e1l\u00e1s ut\u00e1n\u00a0d\u00f6nt\u00e9s\u00e9t\u0151l f\u00fcgg\u0151en\u00a0\u2013 sz\u00e1mla ellen\u00e9ben visszaveszi, \u00e9s a bet\u00e9td\u00edjat visszafizeti. Nagyobb mennyis\u00e9g\u0171 g\u00f6ngy\u00f6leg visszasz\u00e1ll\u00edt\u00e1s\u00e1t Megrendel\u0151 el\u0151re jelezze az \u00e9rt\u00e9kes\u00edt\u0151 koll\u00e9g\u00e1k fel\u00e9, hogy a bet\u00e9td\u00edj visszafizet\u00e9s\u00e9t biztos\u00edthass\u00e1k. A g\u00f6ngy\u00f6leg hat\u00e1rid\u0151n t\u00fali vissza hozatala eset\u00e9n Sz\u00e1ll\u00edt\u00f3 p\u00f3td\u00edjat sz\u00e1m\u00edt fel.\u00a0 Megrendel\u0151 az elsz\u00e1ll\u00edt\u00e1sra v\u00e1r\u00f3 g\u00f6ngy\u00f6leg\u00e9t a telephely\u00e9n k\u00f6teles egy helyre \u00f6sszek\u00e9sz\u00edteni.<\/span><\/p>\n<p><span style=\"font-weight: 400;\">Amennyiben magasabb jogszab\u00e1ly a jelen felt\u00e9telrendszer valamely pontj\u00e1t \u00e9rv\u00e9nytelen\u00edti, \u00fagy annak hely\u00e9be az adott jogszab\u00e1ly elvei az ir\u00e1nyad\u00f3ak, de ez nem korl\u00e1tozza a t\u00f6bbi felt\u00e9telpont \u00e9rv\u00e9nyess\u00e9g\u00e9t. Valamely rendelkez\u00e9s vagy egy r\u00e9sz\u00e9nek \u00e9rv\u00e9nytelens\u00e9ge nem \u00e9rinti a t\u00f6bbi rendelkez\u00e9s, valamint a rendelkez\u00e9s t\u00f6bbi r\u00e9sz\u00e9nek \u00e9rv\u00e9nyess\u00e9g\u00e9t. A jelen szerz\u0151d\u00e9ssel szerzett jogok harmadik szem\u00e9lyre csak Sz\u00e1ll\u00edt\u00f3 \u00edr\u00e1sos j\u00f3v\u00e1hagy\u00e1s\u00e1val ruh\u00e1zhat\u00f3k \u00e1t. Megrendel\u0151 \u00e9s Sz\u00e1ll\u00edt\u00f3 k\u00f6teles egy\u00fcttm\u0171k\u00f6dni, ennek sor\u00e1n minden l\u00e9nyeges k\u00f6r\u00fclm\u00e9nyr\u0151l a m\u00e1sik felet halad\u00e9ktalanul \u00edr\u00e1sban t\u00e1j\u00e9koztatni. A felek k\u00f6zti szerz\u0151d\u00e9sek csak \u00edr\u00e1sban m\u00f3dos\u00edthat\u00f3ak. Megrendel\u0151 illetve Sz\u00e1ll\u00edt\u00f3 k\u00f6teles az egym\u00e1s tev\u00e9kenys\u00e9g\u00e9r\u0151l szerzett inform\u00e1ci\u00f3t \u00fczleti titokk\u00e9nt kezelni.\u00a0 Megrendel\u0151 \u00e9s Sz\u00e1ll\u00edt\u00f3 az \u00fczleti titok megs\u00e9rt\u00e9s\u00e9vel okozott k\u00e1rt k\u00f6teles a m\u00e1sik f\u00e9lnek megt\u00e9r\u00edteni. Nem min\u0151s\u00fcl \u00fczleti titoks\u00e9rt\u00e9snek a peres elj\u00e1r\u00e1s sor\u00e1n t\u00f6rt\u00e9n\u0151 bizony\u00edt\u00e1s. Megrendel\u0151 \u00e9s Sz\u00e1ll\u00edt\u00f3 k\u00f6teles a tisztess\u00e9gtelen \u00fczleti magatart\u00e1st\u00f3l a m\u00e1sik f\u00e9llel szemben tart\u00f3zkodni. Megrendel\u0151 nem folytathat olyan \u00fczleti strat\u00e9gi\u00e1t, amely az \u00e1rjegyz\u00e9kben szerepl\u0151 term\u00e9kek piaci arculat\u00e1t, v\u00e1s\u00e1rl\u00f3i \u00e9rt\u00e9kel\u00e9s\u00e9t h\u00e1tr\u00e1nyosan befoly\u00e1solhatja.<\/span><\/p>\n<p><span style=\"font-weight: 400;\">Fentiek megs\u00e9rt\u00e9s\u00e9vel okozott k\u00e1rt, illetve a k\u00e1relh\u00e1r\u00edt\u00e1shoz sz\u00fcks\u00e9ges int\u00e9zked\u00e9sek k\u00f6lts\u00e9g\u00e9t a szerz\u0151d\u00e9st szeg\u0151 f\u00e9l viseli. A fizet\u00e9si hat\u00e1rid\u0151 lej\u00e1rt\u00e1t k\u00f6vet\u0151en Sz\u00e1ll\u00edt\u00f3 jogosult a sz\u00e1ml\u00e1k ki nem egyenl\u00edt\u00e9s\u00e9b\u0151l ered\u0151 k\u00f6vetel\u00e9s\u00e9t k\u00f6zvetve vagy k\u00f6zvetlen\u00fcl nyilv\u00e1noss\u00e1gra hozni, k\u00f6vetel\u00e9st elad\u00e1sra felk\u00edn\u00e1lni. Megrendel\u0151 lemond azon jog\u00e1r\u00f3l, miszerint a nyilv\u00e1noss\u00e1gra hozatal miatt \u201eszem\u00e9lyis\u00e9gi jogainak\u201d megs\u00e9rt\u00e9se, j\u00f3 h\u00edrnev\u00e9nek csorb\u00edt\u00e1sa stb. miatt b\u00e1rkivel szemben ig\u00e9nyt \u00e9rv\u00e9nyes\u00edtsen, figyelemmel arra, hogy a nyilv\u00e1noss\u00e1gra hozatalhoz stb. hozz\u00e1j\u00e1rul. Amennyiben felek jogvit\u00e1ikat t\u00e1rgyal\u00e1s \u00fatj\u00e1n nem tudj\u00e1k rendezni, felek k\u00f6z\u00f6s akarattal hat\u00e1sk\u00f6rt\u0151l f\u00fcgg\u0151en a Monori J\u00e1r\u00e1sb\u00edr\u00f3s\u00e1g illetve a Sz\u00e9kesfeh\u00e9rv\u00e1ri T\u00f6rv\u00e9nysz\u00e9k kiz\u00e1r\u00f3lagos illet\u00e9kess\u00e9g\u00e9nek vetik al\u00e1 magukat. Sz\u00e1ll\u00edt\u00f3 jogosult jelen \u00c1ltal\u00e1nos Szerz\u0151d\u00e9si Felt\u00e9teleket egyoldal\u00faan m\u00f3dos\u00edtani. \u00c1ltal\u00e1nos Szerz\u0151d\u00e9si Felt\u00e9telek Sz\u00e1ll\u00edt\u00f3 honlapj\u00e1n (<\/span><a href=\"http:\/\/www.baustyl.hu\/\"><span style=\"font-weight: 400;\">www.baustyl.hu<\/span><\/a><span style=\"font-weight: 400;\">) megtekinthet\u0151k. Sz\u00e1ll\u00edt\u00f3 az esetleges v\u00e1ltoz\u00e1sokat is a honlapon teszi k\u00f6zz\u00e9, a v\u00e1ltoz\u00e1sokr\u00f3l k\u00fcl\u00f6n \u00e9rtes\u00edt\u00e9st nem k\u00f6teles k\u00fcldeni. Amennyiben Sz\u00e1ll\u00edt\u00f3 k\u00fcl\u00f6n \u00e9rtes\u00edt\u00e9st k\u00fcld Megrendel\u0151nek, akkor a k\u00f6zz\u00e9t\u00e9tel id\u0151pontja Postai k\u00fcldem\u00e9ny eset\u00e9n a t\u00e9rtivev\u00e9nyen felt\u00fcntetett \u00e1tv\u00e9teli id\u0151pont, aj\u00e1nlott k\u00fcldem\u00e9ny eset\u00e9ben pedig a felad\u00e1st\u00f3l sz\u00e1m\u00edtott \u00f6t\u00f6dik munkanap. Elektronikus megk\u00fcld\u00e9s eset\u00e9n, mely \u00e9rtes\u00edt\u00e9st az egyedi Sz\u00e1ll\u00edt\u00e1si Szerz\u0151d\u00e9sben megadott e-mail c\u00edmre k\u00fcld meg az elk\u00fcld\u00e9s id\u0151pontja a k\u00f6zz\u00e9t\u00e9tel id\u0151pontja. A m\u00f3dos\u00edt\u00e1sok a k\u00f6zz\u00e9t\u00e9tel id\u0151pontj\u00e1t\u00f3l \u00e9rv\u00e9nyesek \u00e9s hat\u00e1lyosak. Megrendel\u0151 kifejezett k\u00f6teless\u00e9ge a szerz\u0151d\u00e9s fenn\u00e1ll\u00e1s\u00e1nak id\u0151tartama alatt az aktu\u00e1lis \u00c1SZF tartalm\u00e1nak nyomon k\u00f6vet\u00e9se.<\/span><\/p>\n<p><span style=\"font-weight: 400;\">Jelen \u00c1ltal\u00e1nos Szerz\u0151d\u00e9si Felt\u00e9telekben nem szab\u00e1lyozott k\u00e9rd\u00e9sekben a Ptk. szab\u00e1lyai az ir\u00e1nyad\u00f3k.\u00a0<\/span><\/p>\n<p><span style=\"font-weight: 400;\">Jelen \u00c1SZF <\/span><span style=\"font-weight: 400;\">2022. augusztus 03-\u00e1n<\/span><span style=\"font-weight: 400;\"> l\u00e9p hat\u00e1lyba \u00e9s hat\u00e1rozatlan id\u0151tartamra sz\u00f3l.<\/span><\/p>\n<\/div><\/section>\n<\/div><\/div><\/main><!-- close content main element --><\/div><\/div><div id='after_section_1'  class='main_color av_default_container_wrap container_wrap sidebar_right'  ><div class='container av-section-cont-open' ><div class='template-page content  av-content-small alpha units'><div class='post-entry post-entry-type-page post-entry-36862'><div class='entry-content-wrapper clearfix'>\n","protected":false},"excerpt":{"rendered":"","protected":false},"author":2,"featured_media":0,"parent":0,"menu_order":0,"comment_status":"closed","ping_status":"closed","template":"","meta":{"footnotes":""},"class_list":["post-36862","page","type-page","status-publish","hentry"],"aioseo_notices":[],"_links":{"self":[{"href":"https:\/\/www.bau-styl.hu\/furdoszobaszalon\/wp-json\/wp\/v2\/pages\/36862","targetHints":{"allow":["GET"]}}],"collection":[{"href":"https:\/\/www.bau-styl.hu\/furdoszobaszalon\/wp-json\/wp\/v2\/pages"}],"about":[{"href":"https:\/\/www.bau-styl.hu\/furdoszobaszalon\/wp-json\/wp\/v2\/types\/page"}],"author":[{"embeddable":true,"href":"https:\/\/www.bau-styl.hu\/furdoszobaszalon\/wp-json\/wp\/v2\/users\/2"}],"replies":[{"embeddable":true,"href":"https:\/\/www.bau-styl.hu\/furdoszobaszalon\/wp-json\/wp\/v2\/comments?post=36862"}],"version-history":[{"count":0,"href":"https:\/\/www.bau-styl.hu\/furdoszobaszalon\/wp-json\/wp\/v2\/pages\/36862\/revisions"}],"wp:attachment":[{"href":"https:\/\/www.bau-styl.hu\/furdoszobaszalon\/wp-json\/wp\/v2\/media?parent=36862"}],"curies":[{"name":"wp","href":"https:\/\/api.w.org\/{rel}","templated":true}]}}